{"id":40145,"date":"2021-06-07T09:07:28","date_gmt":"2021-06-07T09:07:28","guid":{"rendered":"https:\/\/coffeelounge.delonghi.com\/?post_type=discover&#038;p=40145"},"modified":"2021-06-07T09:40:17","modified_gmt":"2021-06-07T09:40:17","slug":"caffe-etico-e-sostenibile","status":"publish","type":"discover","link":"https:\/\/coffeelounge.delonghi.com\/it\/news\/caffe-etico-e-sostenibile\/","title":{"rendered":"Caff\u00e8 etico e sostenibile"},"content":{"rendered":"<p>Il caff\u00e8 \u00e8 tra le bevande pi\u00f9 amate e apprezzate per iniziare la giornata. Mentre gli amanti del caff\u00e8 sono alla ricerca di chicchi di caff\u00e8 di alta qualit\u00e0, stanno anche diventando sempre pi\u00f9 consapevoli delle pratiche etiche ed eco-compatibili nell&#8217;industria del caff\u00e8. <\/p>","protected":false},"author":3634,"featured_media":28914,"menu_order":0,"template":"","meta":{"_acf_changed":false,"footnotes":""},"discover_type":[97],"class_list":["post-40145","discover","type-discover","status-publish","has-post-thumbnail","hentry","discover_type-tendenze-e-stile-di-vita"],"acf":[],"yoast_head":"<!-- This site is optimized with the Yoast SEO Premium plugin v24.5 (Yoast SEO v24.5) - https:\/\/yoast.com\/wordpress\/plugins\/seo\/ -->\n<title>Caff\u00e8 etico e sostenibile | De&#039;Longhi<\/title>\n<meta name=\"robots\" content=\"index, follow, max-snippet:-1, max-image-preview:large, max-video-preview:-1\" \/>\n<meta name=\"twitter:card\" content=\"summary_large_image\" \/>\n<meta name=\"twitter:title\" content=\"Caff\u00e8 etico e sostenibile | De&#039;Longhi\" \/>\n<meta name=\"twitter:description\" content=\"Il caff\u00e8 \u00e8 tra le bevande pi\u00f9 amate e apprezzate per iniziare la giornata. Mentre gli amanti del caff\u00e8 sono alla ricerca di chicchi di caff\u00e8 di alta qualit\u00e0, stanno anche diventando sempre pi\u00f9 consapevoli delle pratiche etiche ed eco-compatibili nell&#8217;industria del caff\u00e8.\" \/>\n<meta name=\"twitter:image\" content=\"https:\/\/coffeelounge.delonghi.com\/wp-content\/uploads\/2021\/02\/Article_HomePage_Ethical_and_Sustainable_coffee.jpg\" \/>\n<script type=\"application\/ld+json\" class=\"yoast-schema-graph\">{\"@context\":\"https:\/\/schema.org\",\"@graph\":[{\"@type\":\"WebPage\",\"@id\":\"https:\/\/coffeelounge.delonghi.com\/it\/news\/caffe-etico-e-sostenibile\/\",\"url\":\"https:\/\/coffeelounge.delonghi.com\/it\/news\/caffe-etico-e-sostenibile\/\",\"name\":\"Caff\u00e8 etico e sostenibile | De&#039;Longhi\",\"isPartOf\":{\"@id\":\"https:\/\/coffeelounge.delonghi.com\/it\/#website\"},\"primaryImageOfPage\":{\"@id\":\"https:\/\/coffeelounge.delonghi.com\/it\/news\/caffe-etico-e-sostenibile\/#primaryimage\"},\"image\":{\"@id\":\"https:\/\/coffeelounge.delonghi.com\/it\/news\/caffe-etico-e-sostenibile\/#primaryimage\"},\"thumbnailUrl\":\"https:\/\/coffeelounge.delonghi.com\/wp-content\/uploads\/2021\/02\/Article_HomePage_Ethical_and_Sustainable_coffee.jpg\",\"datePublished\":\"2021-06-07T09:07:28+00:00\",\"dateModified\":\"2021-06-07T09:40:17+00:00\",\"breadcrumb\":{\"@id\":\"https:\/\/coffeelounge.delonghi.com\/it\/news\/caffe-etico-e-sostenibile\/#breadcrumb\"},\"inLanguage\":\"it-IT\",\"potentialAction\":[{\"@type\":\"ReadAction\",\"target\":[\"https:\/\/coffeelounge.delonghi.com\/it\/news\/caffe-etico-e-sostenibile\/\"]}]},{\"@type\":\"ImageObject\",\"inLanguage\":\"it-IT\",\"@id\":\"https:\/\/coffeelounge.delonghi.com\/it\/news\/caffe-etico-e-sostenibile\/#primaryimage\",\"url\":\"https:\/\/coffeelounge.delonghi.com\/wp-content\/uploads\/2021\/02\/Article_HomePage_Ethical_and_Sustainable_coffee.jpg\",\"contentUrl\":\"https:\/\/coffeelounge.delonghi.com\/wp-content\/uploads\/2021\/02\/Article_HomePage_Ethical_and_Sustainable_coffee.jpg\",\"width\":1024,\"height\":628,\"caption\":\"Caff\u00e8 etico sostenibile - Coffee Lounge\"},{\"@type\":\"BreadcrumbList\",\"@id\":\"https:\/\/coffeelounge.delonghi.com\/it\/news\/caffe-etico-e-sostenibile\/#breadcrumb\",\"itemListElement\":[{\"@type\":\"ListItem\",\"position\":1,\"name\":\"Home\",\"item\":\"https:\/\/coffeelounge.delonghi.com\/it\/\"},{\"@type\":\"ListItem\",\"position\":2,\"name\":\"Discover\",\"item\":\"https:\/\/coffeelounge.delonghi.com\/it\/news\/\"},{\"@type\":\"ListItem\",\"position\":3,\"name\":\"Tendenze e stile di vita\",\"item\":\"https:\/\/coffeelounge.delonghi.com\/it\/discoveries\/tendenze-e-stile-di-vita\/\"},{\"@type\":\"ListItem\",\"position\":4,\"name\":\"Caff\u00e8 etico e sostenibile\"}]},{\"@type\":\"WebSite\",\"@id\":\"https:\/\/coffeelounge.delonghi.com\/it\/#website\",\"url\":\"https:\/\/coffeelounge.delonghi.com\/it\/\",\"name\":\"De&#039;Longhi\",\"description\":\"Coffee Lounge\",\"publisher\":{\"@id\":\"https:\/\/coffeelounge.delonghi.com\/it\/#organization\"},\"potentialAction\":[{\"@type\":\"SearchAction\",\"target\":{\"@type\":\"EntryPoint\",\"urlTemplate\":\"https:\/\/coffeelounge.delonghi.com\/it\/?s={search_term_string}\"},\"query-input\":{\"@type\":\"PropertyValueSpecification\",\"valueRequired\":true,\"valueName\":\"search_term_string\"}}],\"inLanguage\":\"it-IT\"},{\"@type\":\"Organization\",\"@id\":\"https:\/\/coffeelounge.delonghi.com\/it\/#organization\",\"name\":\"De'Longhi Coffee Lounge\",\"url\":\"https:\/\/coffeelounge.delonghi.com\/it\/\",\"logo\":{\"@type\":\"ImageObject\",\"inLanguage\":\"it-IT\",\"@id\":\"https:\/\/coffeelounge.delonghi.com\/it\/#\/schema\/logo\/image\/\",\"url\":\"https:\/\/coffeelounge.delonghi.com\/wp-content\/uploads\/2020\/05\/delonghi-coffee-lounge-logo-nederland.png\",\"contentUrl\":\"https:\/\/coffeelounge.delonghi.com\/wp-content\/uploads\/2020\/05\/delonghi-coffee-lounge-logo-nederland.png\",\"width\":2337,\"height\":724,\"caption\":\"De'Longhi Coffee Lounge\"},\"image\":{\"@id\":\"https:\/\/coffeelounge.delonghi.com\/it\/#\/schema\/logo\/image\/\"}}]}<\/script>\n<!-- \/ Yoast SEO Premium plugin. -->","yoast_head_json":{"title":"Caff\u00e8 etico e sostenibile | De&#039;Longhi","robots":{"index":"index","follow":"follow","max-snippet":"max-snippet:-1","max-image-preview":"max-image-preview:large","max-video-preview":"max-video-preview:-1"},"twitter_card":"summary_large_image","twitter_title":"Caff\u00e8 etico e sostenibile | De&#039;Longhi","twitter_description":"Il caff\u00e8 \u00e8 tra le bevande pi\u00f9 amate e apprezzate per iniziare la giornata. Mentre gli amanti del caff\u00e8 sono alla ricerca di chicchi di caff\u00e8 di alta qualit\u00e0, stanno anche diventando sempre pi\u00f9 consapevoli delle pratiche etiche ed eco-compatibili nell&#8217;industria del caff\u00e8.","twitter_image":"https:\/\/coffeelounge.delonghi.com\/wp-content\/uploads\/2021\/02\/Article_HomePage_Ethical_and_Sustainable_coffee.jpg","schema":{"@context":"https:\/\/schema.org","@graph":[{"@type":"WebPage","@id":"https:\/\/coffeelounge.delonghi.com\/it\/news\/caffe-etico-e-sostenibile\/","url":"https:\/\/coffeelounge.delonghi.com\/it\/news\/caffe-etico-e-sostenibile\/","name":"Caff\u00e8 etico e sostenibile | De&#039;Longhi","isPartOf":{"@id":"https:\/\/coffeelounge.delonghi.com\/it\/#website"},"primaryImageOfPage":{"@id":"https:\/\/coffeelounge.delonghi.com\/it\/news\/caffe-etico-e-sostenibile\/#primaryimage"},"image":{"@id":"https:\/\/coffeelounge.delonghi.com\/it\/news\/caffe-etico-e-sostenibile\/#primaryimage"},"thumbnailUrl":"https:\/\/coffeelounge.delonghi.com\/wp-content\/uploads\/2021\/02\/Article_HomePage_Ethical_and_Sustainable_coffee.jpg","datePublished":"2021-06-07T09:07:28+00:00","dateModified":"2021-06-07T09:40:17+00:00","breadcrumb":{"@id":"https:\/\/coffeelounge.delonghi.com\/it\/news\/caffe-etico-e-sostenibile\/#breadcrumb"},"inLanguage":"it-IT","potentialAction":[{"@type":"ReadAction","target":["https:\/\/coffeelounge.delonghi.com\/it\/news\/caffe-etico-e-sostenibile\/"]}]},{"@type":"ImageObject","inLanguage":"it-IT","@id":"https:\/\/coffeelounge.delonghi.com\/it\/news\/caffe-etico-e-sostenibile\/#primaryimage","url":"https:\/\/coffeelounge.delonghi.com\/wp-content\/uploads\/2021\/02\/Article_HomePage_Ethical_and_Sustainable_coffee.jpg","contentUrl":"https:\/\/coffeelounge.delonghi.com\/wp-content\/uploads\/2021\/02\/Article_HomePage_Ethical_and_Sustainable_coffee.jpg","width":1024,"height":628,"caption":"Caff\u00e8 etico sostenibile - Coffee Lounge"},{"@type":"BreadcrumbList","@id":"https:\/\/coffeelounge.delonghi.com\/it\/news\/caffe-etico-e-sostenibile\/#breadcrumb","itemListElement":[{"@type":"ListItem","position":1,"name":"Home","item":"https:\/\/coffeelounge.delonghi.com\/it\/"},{"@type":"ListItem","position":2,"name":"Discover","item":"https:\/\/coffeelounge.delonghi.com\/it\/news\/"},{"@type":"ListItem","position":3,"name":"Tendenze e stile di vita","item":"https:\/\/coffeelounge.delonghi.com\/it\/discoveries\/tendenze-e-stile-di-vita\/"},{"@type":"ListItem","position":4,"name":"Caff\u00e8 etico e sostenibile"}]},{"@type":"WebSite","@id":"https:\/\/coffeelounge.delonghi.com\/it\/#website","url":"https:\/\/coffeelounge.delonghi.com\/it\/","name":"De&#039;Longhi","description":"Coffee Lounge","publisher":{"@id":"https:\/\/coffeelounge.delonghi.com\/it\/#organization"},"potentialAction":[{"@type":"SearchAction","target":{"@type":"EntryPoint","urlTemplate":"https:\/\/coffeelounge.delonghi.com\/it\/?s={search_term_string}"},"query-input":{"@type":"PropertyValueSpecification","valueRequired":true,"valueName":"search_term_string"}}],"inLanguage":"it-IT"},{"@type":"Organization","@id":"https:\/\/coffeelounge.delonghi.com\/it\/#organization","name":"De'Longhi Coffee Lounge","url":"https:\/\/coffeelounge.delonghi.com\/it\/","logo":{"@type":"ImageObject","inLanguage":"it-IT","@id":"https:\/\/coffeelounge.delonghi.com\/it\/#\/schema\/logo\/image\/","url":"https:\/\/coffeelounge.delonghi.com\/wp-content\/uploads\/2020\/05\/delonghi-coffee-lounge-logo-nederland.png","contentUrl":"https:\/\/coffeelounge.delonghi.com\/wp-content\/uploads\/2020\/05\/delonghi-coffee-lounge-logo-nederland.png","width":2337,"height":724,"caption":"De'Longhi Coffee Lounge"},"image":{"@id":"https:\/\/coffeelounge.delonghi.com\/it\/#\/schema\/logo\/image\/"}}]}},"_links":{"self":[{"href":"https:\/\/coffeelounge.delonghi.com\/it\/wp-json\/wp\/v2\/discover\/40145","targetHints":{"allow":["GET"]}}],"collection":[{"href":"https:\/\/coffeelounge.delonghi.com\/it\/wp-json\/wp\/v2\/discover"}],"about":[{"href":"https:\/\/coffeelounge.delonghi.com\/it\/wp-json\/wp\/v2\/types\/discover"}],"author":[{"embeddable":true,"href":"https:\/\/coffeelounge.delonghi.com\/it\/wp-json\/wp\/v2\/users\/3634"}],"version-history":[{"count":0,"href":"https:\/\/coffeelounge.delonghi.com\/it\/wp-json\/wp\/v2\/discover\/40145\/revisions"}],"wp:featuredmedia":[{"embeddable":true,"href":"https:\/\/coffeelounge.delonghi.com\/it\/wp-json\/wp\/v2\/media\/28914"}],"wp:attachment":[{"href":"https:\/\/coffeelounge.delonghi.com\/it\/wp-json\/wp\/v2\/media?parent=40145"}],"wp:term":[{"taxonomy":"discover_type","embeddable":true,"href":"https:\/\/coffeelounge.delonghi.com\/it\/wp-json\/wp\/v2\/discover_type?post=40145"}],"curies":[{"name":"wp","href":"https:\/\/api.w.org\/{rel}","templated":true}]}}