{"id":204898,"date":"2022-06-24T14:41:27","date_gmt":"2022-06-24T14:41:27","guid":{"rendered":"https:\/\/coffeelounge.delonghi.com\/?post_type=discover&#038;p=204898"},"modified":"2022-06-24T14:46:10","modified_gmt":"2022-06-24T14:46:10","slug":"quando-il-caffe-presenta-gusti-tropicali","status":"publish","type":"discover","link":"https:\/\/coffeelounge.delonghi.com\/it\/news\/quando-il-caffe-presenta-gusti-tropicali\/","title":{"rendered":"Quando il caff\u00e8 presenta gusti tropicali"},"content":{"rendered":"","protected":false},"author":9461,"featured_media":204903,"menu_order":0,"template":"","meta":{"_acf_changed":false,"footnotes":""},"discover_type":[726],"class_list":["post-204898","discover","type-discover","status-publish","has-post-thumbnail","hentry","discover_type-cultura-caffe"],"acf":[],"yoast_head":"<!-- This site is optimized with the Yoast SEO Premium plugin v24.5 (Yoast SEO v24.5) - https:\/\/yoast.com\/wordpress\/plugins\/seo\/ -->\n<title>Quando il caff\u00e8 presenta gusti tropicali | De&#039;Longhi<\/title>\n<meta name=\"description\" content=\"Scopri la variet\u00e0 di sentori e note di sapore che il caff\u00e8 pu\u00f2 assumere grazie al parere della giudice autorizzata SCA Francesca Bieker.\" \/>\n<meta name=\"robots\" content=\"index, follow, max-snippet:-1, max-image-preview:large, max-video-preview:-1\" \/>\n<meta name=\"twitter:card\" content=\"summary_large_image\" \/>\n<meta name=\"twitter:title\" content=\"Quando il caff\u00e8 presenta gusti tropicali | De&#039;Longhi\" \/>\n<meta name=\"twitter:description\" content=\"Scopri la variet\u00e0 di sentori e note di sapore che il caff\u00e8 pu\u00f2 assumere grazie al parere della giudice autorizzata SCA Francesca Bieker.\" \/>\n<meta name=\"twitter:image\" content=\"https:\/\/coffeelounge.delonghi.com\/wp-content\/uploads\/2022\/06\/9_Get-caffeinated-with-a-tropical-taste-2-scaled.jpg\" \/>\n<script type=\"application\/ld+json\" class=\"yoast-schema-graph\">{\"@context\":\"https:\/\/schema.org\",\"@graph\":[{\"@type\":\"WebPage\",\"@id\":\"https:\/\/coffeelounge.delonghi.com\/it\/news\/quando-il-caffe-presenta-gusti-tropicali\/\",\"url\":\"https:\/\/coffeelounge.delonghi.com\/it\/news\/quando-il-caffe-presenta-gusti-tropicali\/\",\"name\":\"Quando il caff\u00e8 presenta gusti tropicali | De&#039;Longhi\",\"isPartOf\":{\"@id\":\"https:\/\/coffeelounge.delonghi.com\/it\/#website\"},\"primaryImageOfPage\":{\"@id\":\"https:\/\/coffeelounge.delonghi.com\/it\/news\/quando-il-caffe-presenta-gusti-tropicali\/#primaryimage\"},\"image\":{\"@id\":\"https:\/\/coffeelounge.delonghi.com\/it\/news\/quando-il-caffe-presenta-gusti-tropicali\/#primaryimage\"},\"thumbnailUrl\":\"https:\/\/coffeelounge.delonghi.com\/wp-content\/uploads\/2022\/06\/9_Get-caffeinated-with-a-tropical-taste-2-scaled.jpg\",\"datePublished\":\"2022-06-24T14:41:27+00:00\",\"dateModified\":\"2022-06-24T14:46:10+00:00\",\"description\":\"Scopri la variet\u00e0 di sentori e note di sapore che il caff\u00e8 pu\u00f2 assumere grazie al parere della giudice autorizzata SCA Francesca Bieker.\",\"breadcrumb\":{\"@id\":\"https:\/\/coffeelounge.delonghi.com\/it\/news\/quando-il-caffe-presenta-gusti-tropicali\/#breadcrumb\"},\"inLanguage\":\"it-IT\",\"potentialAction\":[{\"@type\":\"ReadAction\",\"target\":[\"https:\/\/coffeelounge.delonghi.com\/it\/news\/quando-il-caffe-presenta-gusti-tropicali\/\"]}]},{\"@type\":\"ImageObject\",\"inLanguage\":\"it-IT\",\"@id\":\"https:\/\/coffeelounge.delonghi.com\/it\/news\/quando-il-caffe-presenta-gusti-tropicali\/#primaryimage\",\"url\":\"https:\/\/coffeelounge.delonghi.com\/wp-content\/uploads\/2022\/06\/9_Get-caffeinated-with-a-tropical-taste-2-scaled.jpg\",\"contentUrl\":\"https:\/\/coffeelounge.delonghi.com\/wp-content\/uploads\/2022\/06\/9_Get-caffeinated-with-a-tropical-taste-2-scaled.jpg\",\"width\":2560,\"height\":1707,\"caption\":\"Young tourist woman sitting by the table, having morning coffee in Ubud, on the island of Bali, Indonesia.\"},{\"@type\":\"BreadcrumbList\",\"@id\":\"https:\/\/coffeelounge.delonghi.com\/it\/news\/quando-il-caffe-presenta-gusti-tropicali\/#breadcrumb\",\"itemListElement\":[{\"@type\":\"ListItem\",\"position\":1,\"name\":\"Home\",\"item\":\"https:\/\/coffeelounge.delonghi.com\/it\/\"},{\"@type\":\"ListItem\",\"position\":2,\"name\":\"Discover\",\"item\":\"https:\/\/coffeelounge.delonghi.com\/it\/news\/\"},{\"@type\":\"ListItem\",\"position\":3,\"name\":\"Cultura sul caff\u00e8\",\"item\":\"https:\/\/coffeelounge.delonghi.com\/it\/discoveries\/cultura-caffe\/\"},{\"@type\":\"ListItem\",\"position\":4,\"name\":\"Quando il caff\u00e8 presenta gusti tropicali\"}]},{\"@type\":\"WebSite\",\"@id\":\"https:\/\/coffeelounge.delonghi.com\/it\/#website\",\"url\":\"https:\/\/coffeelounge.delonghi.com\/it\/\",\"name\":\"De&#039;Longhi\",\"description\":\"Coffee Lounge\",\"publisher\":{\"@id\":\"https:\/\/coffeelounge.delonghi.com\/it\/#organization\"},\"potentialAction\":[{\"@type\":\"SearchAction\",\"target\":{\"@type\":\"EntryPoint\",\"urlTemplate\":\"https:\/\/coffeelounge.delonghi.com\/it\/?s={search_term_string}\"},\"query-input\":{\"@type\":\"PropertyValueSpecification\",\"valueRequired\":true,\"valueName\":\"search_term_string\"}}],\"inLanguage\":\"it-IT\"},{\"@type\":\"Organization\",\"@id\":\"https:\/\/coffeelounge.delonghi.com\/it\/#organization\",\"name\":\"De'Longhi Coffee Lounge\",\"url\":\"https:\/\/coffeelounge.delonghi.com\/it\/\",\"logo\":{\"@type\":\"ImageObject\",\"inLanguage\":\"it-IT\",\"@id\":\"https:\/\/coffeelounge.delonghi.com\/it\/#\/schema\/logo\/image\/\",\"url\":\"https:\/\/coffeelounge.delonghi.com\/wp-content\/uploads\/2020\/05\/delonghi-coffee-lounge-logo-nederland.png\",\"contentUrl\":\"https:\/\/coffeelounge.delonghi.com\/wp-content\/uploads\/2020\/05\/delonghi-coffee-lounge-logo-nederland.png\",\"width\":2337,\"height\":724,\"caption\":\"De'Longhi Coffee Lounge\"},\"image\":{\"@id\":\"https:\/\/coffeelounge.delonghi.com\/it\/#\/schema\/logo\/image\/\"}}]}<\/script>\n<!-- \/ Yoast SEO Premium plugin. -->","yoast_head_json":{"title":"Quando il caff\u00e8 presenta gusti tropicali | De&#039;Longhi","description":"Scopri la variet\u00e0 di sentori e note di sapore che il caff\u00e8 pu\u00f2 assumere grazie al parere della giudice autorizzata SCA Francesca Bieker.","robots":{"index":"index","follow":"follow","max-snippet":"max-snippet:-1","max-image-preview":"max-image-preview:large","max-video-preview":"max-video-preview:-1"},"twitter_card":"summary_large_image","twitter_title":"Quando il caff\u00e8 presenta gusti tropicali | De&#039;Longhi","twitter_description":"Scopri la variet\u00e0 di sentori e note di sapore che il caff\u00e8 pu\u00f2 assumere grazie al parere della giudice autorizzata SCA Francesca Bieker.","twitter_image":"https:\/\/coffeelounge.delonghi.com\/wp-content\/uploads\/2022\/06\/9_Get-caffeinated-with-a-tropical-taste-2-scaled.jpg","schema":{"@context":"https:\/\/schema.org","@graph":[{"@type":"WebPage","@id":"https:\/\/coffeelounge.delonghi.com\/it\/news\/quando-il-caffe-presenta-gusti-tropicali\/","url":"https:\/\/coffeelounge.delonghi.com\/it\/news\/quando-il-caffe-presenta-gusti-tropicali\/","name":"Quando il caff\u00e8 presenta gusti tropicali | De&#039;Longhi","isPartOf":{"@id":"https:\/\/coffeelounge.delonghi.com\/it\/#website"},"primaryImageOfPage":{"@id":"https:\/\/coffeelounge.delonghi.com\/it\/news\/quando-il-caffe-presenta-gusti-tropicali\/#primaryimage"},"image":{"@id":"https:\/\/coffeelounge.delonghi.com\/it\/news\/quando-il-caffe-presenta-gusti-tropicali\/#primaryimage"},"thumbnailUrl":"https:\/\/coffeelounge.delonghi.com\/wp-content\/uploads\/2022\/06\/9_Get-caffeinated-with-a-tropical-taste-2-scaled.jpg","datePublished":"2022-06-24T14:41:27+00:00","dateModified":"2022-06-24T14:46:10+00:00","description":"Scopri la variet\u00e0 di sentori e note di sapore che il caff\u00e8 pu\u00f2 assumere grazie al parere della giudice autorizzata SCA Francesca Bieker.","breadcrumb":{"@id":"https:\/\/coffeelounge.delonghi.com\/it\/news\/quando-il-caffe-presenta-gusti-tropicali\/#breadcrumb"},"inLanguage":"it-IT","potentialAction":[{"@type":"ReadAction","target":["https:\/\/coffeelounge.delonghi.com\/it\/news\/quando-il-caffe-presenta-gusti-tropicali\/"]}]},{"@type":"ImageObject","inLanguage":"it-IT","@id":"https:\/\/coffeelounge.delonghi.com\/it\/news\/quando-il-caffe-presenta-gusti-tropicali\/#primaryimage","url":"https:\/\/coffeelounge.delonghi.com\/wp-content\/uploads\/2022\/06\/9_Get-caffeinated-with-a-tropical-taste-2-scaled.jpg","contentUrl":"https:\/\/coffeelounge.delonghi.com\/wp-content\/uploads\/2022\/06\/9_Get-caffeinated-with-a-tropical-taste-2-scaled.jpg","width":2560,"height":1707,"caption":"Young tourist woman sitting by the table, having morning coffee in Ubud, on the island of Bali, Indonesia."},{"@type":"BreadcrumbList","@id":"https:\/\/coffeelounge.delonghi.com\/it\/news\/quando-il-caffe-presenta-gusti-tropicali\/#breadcrumb","itemListElement":[{"@type":"ListItem","position":1,"name":"Home","item":"https:\/\/coffeelounge.delonghi.com\/it\/"},{"@type":"ListItem","position":2,"name":"Discover","item":"https:\/\/coffeelounge.delonghi.com\/it\/news\/"},{"@type":"ListItem","position":3,"name":"Cultura sul caff\u00e8","item":"https:\/\/coffeelounge.delonghi.com\/it\/discoveries\/cultura-caffe\/"},{"@type":"ListItem","position":4,"name":"Quando il caff\u00e8 presenta gusti tropicali"}]},{"@type":"WebSite","@id":"https:\/\/coffeelounge.delonghi.com\/it\/#website","url":"https:\/\/coffeelounge.delonghi.com\/it\/","name":"De&#039;Longhi","description":"Coffee Lounge","publisher":{"@id":"https:\/\/coffeelounge.delonghi.com\/it\/#organization"},"potentialAction":[{"@type":"SearchAction","target":{"@type":"EntryPoint","urlTemplate":"https:\/\/coffeelounge.delonghi.com\/it\/?s={search_term_string}"},"query-input":{"@type":"PropertyValueSpecification","valueRequired":true,"valueName":"search_term_string"}}],"inLanguage":"it-IT"},{"@type":"Organization","@id":"https:\/\/coffeelounge.delonghi.com\/it\/#organization","name":"De'Longhi Coffee Lounge","url":"https:\/\/coffeelounge.delonghi.com\/it\/","logo":{"@type":"ImageObject","inLanguage":"it-IT","@id":"https:\/\/coffeelounge.delonghi.com\/it\/#\/schema\/logo\/image\/","url":"https:\/\/coffeelounge.delonghi.com\/wp-content\/uploads\/2020\/05\/delonghi-coffee-lounge-logo-nederland.png","contentUrl":"https:\/\/coffeelounge.delonghi.com\/wp-content\/uploads\/2020\/05\/delonghi-coffee-lounge-logo-nederland.png","width":2337,"height":724,"caption":"De'Longhi Coffee Lounge"},"image":{"@id":"https:\/\/coffeelounge.delonghi.com\/it\/#\/schema\/logo\/image\/"}}]}},"_links":{"self":[{"href":"https:\/\/coffeelounge.delonghi.com\/it\/wp-json\/wp\/v2\/discover\/204898","targetHints":{"allow":["GET"]}}],"collection":[{"href":"https:\/\/coffeelounge.delonghi.com\/it\/wp-json\/wp\/v2\/discover"}],"about":[{"href":"https:\/\/coffeelounge.delonghi.com\/it\/wp-json\/wp\/v2\/types\/discover"}],"author":[{"embeddable":true,"href":"https:\/\/coffeelounge.delonghi.com\/it\/wp-json\/wp\/v2\/users\/9461"}],"version-history":[{"count":0,"href":"https:\/\/coffeelounge.delonghi.com\/it\/wp-json\/wp\/v2\/discover\/204898\/revisions"}],"wp:featuredmedia":[{"embeddable":true,"href":"https:\/\/coffeelounge.delonghi.com\/it\/wp-json\/wp\/v2\/media\/204903"}],"wp:attachment":[{"href":"https:\/\/coffeelounge.delonghi.com\/it\/wp-json\/wp\/v2\/media?parent=204898"}],"wp:term":[{"taxonomy":"discover_type","embeddable":true,"href":"https:\/\/coffeelounge.delonghi.com\/it\/wp-json\/wp\/v2\/discover_type?post=204898"}],"curies":[{"name":"wp","href":"https:\/\/api.w.org\/{rel}","templated":true}]}}