{"id":87254,"date":"2021-11-22T11:43:21","date_gmt":"2021-11-22T11:43:21","guid":{"rendered":"https:\/\/coffeelounge.delonghi.com\/?post_type=discover&#038;p=87254"},"modified":"2021-11-23T10:07:14","modified_gmt":"2021-11-23T10:07:14","slug":"le-cafe-est-cueilli-et-apres","status":"publish","type":"discover","link":"https:\/\/coffeelounge.delonghi.com\/fr\/actualites\/le-cafe-est-cueilli-et-apres\/","title":{"rendered":"Le caf\u00e9 est cueilli\u2026 Et apr\u00e8s ?"},"content":{"rendered":"<p>Au m\u00eame titre que la vari\u00e9t\u00e9 et la torr\u00e9faction, le traitement (aussi appel\u00e9 process) occupe une place pr\u00e9pond\u00e9rante dans la cha\u00eene de transformation du caf\u00e9. Cette \u00e9tape cl\u00e9 est effectu\u00e9e par les producteurs eux-m\u00eames qui valorisent ainsi un savoir-faire traditionnel. Celui-ci \u00e9volue nettement ces derniers temps, alors qu\u2019il est l\u2019objet d\u2019intenses recherches et exp\u00e9rimentations.<\/p>","protected":false},"author":5224,"featured_media":87267,"menu_order":0,"template":"","meta":{"_acf_changed":false,"footnotes":""},"discover_type":[180],"class_list":["post-87254","discover","type-discover","status-publish","has-post-thumbnail","hentry","discover_type-trends_and_lifestyle"],"acf":[],"yoast_head":"<!-- This site is optimized with the Yoast SEO Premium plugin v24.5 (Yoast SEO v24.5) - https:\/\/yoast.com\/wordpress\/plugins\/seo\/ -->\n<title>Le caf\u00e9 est cueilli\u2026 Et apr\u00e8s ? | De&#039;Longhi<\/title>\n<meta name=\"robots\" content=\"index, follow, max-snippet:-1, max-image-preview:large, max-video-preview:-1\" \/>\n<meta name=\"twitter:card\" content=\"summary_large_image\" \/>\n<meta name=\"twitter:title\" content=\"Le caf\u00e9 est cueilli\u2026 Et apr\u00e8s ? | De&#039;Longhi\" \/>\n<meta name=\"twitter:description\" content=\"Au m\u00eame titre que la vari\u00e9t\u00e9 et la torr\u00e9faction, le traitement (aussi appel\u00e9 process) occupe une place pr\u00e9pond\u00e9rante dans la cha\u00eene de transformation du caf\u00e9. Cette \u00e9tape cl\u00e9 est effectu\u00e9e par les producteurs eux-m\u00eames qui valorisent ainsi un savoir-faire traditionnel. Celui-ci \u00e9volue nettement ces derniers temps, alors qu\u2019il est l\u2019objet d\u2019intenses recherches et exp\u00e9rimentations.\" \/>\n<meta name=\"twitter:image\" content=\"https:\/\/coffeelounge.delonghi.com\/wp-content\/uploads\/2021\/11\/IMG_4748-scaled.jpg\" \/>\n<script type=\"application\/ld+json\" class=\"yoast-schema-graph\">{\"@context\":\"https:\/\/schema.org\",\"@graph\":[{\"@type\":\"WebPage\",\"@id\":\"https:\/\/coffeelounge.delonghi.com\/fr\/actualites\/le-cafe-est-cueilli-et-apres\/\",\"url\":\"https:\/\/coffeelounge.delonghi.com\/fr\/actualites\/le-cafe-est-cueilli-et-apres\/\",\"name\":\"Le caf\u00e9 est cueilli\u2026 Et apr\u00e8s ? | De&#039;Longhi\",\"isPartOf\":{\"@id\":\"https:\/\/coffeelounge.delonghi.com\/fr\/#website\"},\"primaryImageOfPage\":{\"@id\":\"https:\/\/coffeelounge.delonghi.com\/fr\/actualites\/le-cafe-est-cueilli-et-apres\/#primaryimage\"},\"image\":{\"@id\":\"https:\/\/coffeelounge.delonghi.com\/fr\/actualites\/le-cafe-est-cueilli-et-apres\/#primaryimage\"},\"thumbnailUrl\":\"https:\/\/coffeelounge.delonghi.com\/wp-content\/uploads\/2021\/11\/IMG_4748-scaled.jpg\",\"datePublished\":\"2021-11-22T11:43:21+00:00\",\"dateModified\":\"2021-11-23T10:07:14+00:00\",\"breadcrumb\":{\"@id\":\"https:\/\/coffeelounge.delonghi.com\/fr\/actualites\/le-cafe-est-cueilli-et-apres\/#breadcrumb\"},\"inLanguage\":\"fr-FR\",\"potentialAction\":[{\"@type\":\"ReadAction\",\"target\":[\"https:\/\/coffeelounge.delonghi.com\/fr\/actualites\/le-cafe-est-cueilli-et-apres\/\"]}]},{\"@type\":\"ImageObject\",\"inLanguage\":\"fr-FR\",\"@id\":\"https:\/\/coffeelounge.delonghi.com\/fr\/actualites\/le-cafe-est-cueilli-et-apres\/#primaryimage\",\"url\":\"https:\/\/coffeelounge.delonghi.com\/wp-content\/uploads\/2021\/11\/IMG_4748-scaled.jpg\",\"contentUrl\":\"https:\/\/coffeelounge.delonghi.com\/wp-content\/uploads\/2021\/11\/IMG_4748-scaled.jpg\",\"width\":1920,\"height\":2560,\"caption\":\"la couleur orange miell\u00e9e est le signe de reconnaissance de la m\u00e9thode Honey\"},{\"@type\":\"BreadcrumbList\",\"@id\":\"https:\/\/coffeelounge.delonghi.com\/fr\/actualites\/le-cafe-est-cueilli-et-apres\/#breadcrumb\",\"itemListElement\":[{\"@type\":\"ListItem\",\"position\":1,\"name\":\"Home\",\"item\":\"https:\/\/coffeelounge.delonghi.com\/fr\/\"},{\"@type\":\"ListItem\",\"position\":2,\"name\":\"Discover\",\"item\":\"https:\/\/coffeelounge.delonghi.com\/fr\/actualites\/\"},{\"@type\":\"ListItem\",\"position\":3,\"name\":\"Tendances &amp; mode de vie\",\"item\":\"https:\/\/coffeelounge.delonghi.com\/fr\/discoveries\/trends_and_lifestyle\/\"},{\"@type\":\"ListItem\",\"position\":4,\"name\":\"Le caf\u00e9 est cueilli\u2026 Et apr\u00e8s ?\"}]},{\"@type\":\"WebSite\",\"@id\":\"https:\/\/coffeelounge.delonghi.com\/fr\/#website\",\"url\":\"https:\/\/coffeelounge.delonghi.com\/fr\/\",\"name\":\"De&#039;Longhi\",\"description\":\"Coffee Lounge\",\"publisher\":{\"@id\":\"https:\/\/coffeelounge.delonghi.com\/fr\/#organization\"},\"potentialAction\":[{\"@type\":\"SearchAction\",\"target\":{\"@type\":\"EntryPoint\",\"urlTemplate\":\"https:\/\/coffeelounge.delonghi.com\/fr\/?s={search_term_string}\"},\"query-input\":{\"@type\":\"PropertyValueSpecification\",\"valueRequired\":true,\"valueName\":\"search_term_string\"}}],\"inLanguage\":\"fr-FR\"},{\"@type\":\"Organization\",\"@id\":\"https:\/\/coffeelounge.delonghi.com\/fr\/#organization\",\"name\":\"De'Longhi Coffee Lounge\",\"url\":\"https:\/\/coffeelounge.delonghi.com\/fr\/\",\"logo\":{\"@type\":\"ImageObject\",\"inLanguage\":\"fr-FR\",\"@id\":\"https:\/\/coffeelounge.delonghi.com\/fr\/#\/schema\/logo\/image\/\",\"url\":\"https:\/\/coffeelounge.delonghi.com\/wp-content\/uploads\/2020\/05\/delonghi-coffee-lounge-logo-nederland.png\",\"contentUrl\":\"https:\/\/coffeelounge.delonghi.com\/wp-content\/uploads\/2020\/05\/delonghi-coffee-lounge-logo-nederland.png\",\"width\":2337,\"height\":724,\"caption\":\"De'Longhi Coffee Lounge\"},\"image\":{\"@id\":\"https:\/\/coffeelounge.delonghi.com\/fr\/#\/schema\/logo\/image\/\"}}]}<\/script>\n<!-- \/ Yoast SEO Premium plugin. -->","yoast_head_json":{"title":"Le caf\u00e9 est cueilli\u2026 Et apr\u00e8s ? | De&#039;Longhi","robots":{"index":"index","follow":"follow","max-snippet":"max-snippet:-1","max-image-preview":"max-image-preview:large","max-video-preview":"max-video-preview:-1"},"twitter_card":"summary_large_image","twitter_title":"Le caf\u00e9 est cueilli\u2026 Et apr\u00e8s ? | De&#039;Longhi","twitter_description":"Au m\u00eame titre que la vari\u00e9t\u00e9 et la torr\u00e9faction, le traitement (aussi appel\u00e9 process) occupe une place pr\u00e9pond\u00e9rante dans la cha\u00eene de transformation du caf\u00e9. Cette \u00e9tape cl\u00e9 est effectu\u00e9e par les producteurs eux-m\u00eames qui valorisent ainsi un savoir-faire traditionnel. Celui-ci \u00e9volue nettement ces derniers temps, alors qu\u2019il est l\u2019objet d\u2019intenses recherches et exp\u00e9rimentations.","twitter_image":"https:\/\/coffeelounge.delonghi.com\/wp-content\/uploads\/2021\/11\/IMG_4748-scaled.jpg","schema":{"@context":"https:\/\/schema.org","@graph":[{"@type":"WebPage","@id":"https:\/\/coffeelounge.delonghi.com\/fr\/actualites\/le-cafe-est-cueilli-et-apres\/","url":"https:\/\/coffeelounge.delonghi.com\/fr\/actualites\/le-cafe-est-cueilli-et-apres\/","name":"Le caf\u00e9 est cueilli\u2026 Et apr\u00e8s ? | De&#039;Longhi","isPartOf":{"@id":"https:\/\/coffeelounge.delonghi.com\/fr\/#website"},"primaryImageOfPage":{"@id":"https:\/\/coffeelounge.delonghi.com\/fr\/actualites\/le-cafe-est-cueilli-et-apres\/#primaryimage"},"image":{"@id":"https:\/\/coffeelounge.delonghi.com\/fr\/actualites\/le-cafe-est-cueilli-et-apres\/#primaryimage"},"thumbnailUrl":"https:\/\/coffeelounge.delonghi.com\/wp-content\/uploads\/2021\/11\/IMG_4748-scaled.jpg","datePublished":"2021-11-22T11:43:21+00:00","dateModified":"2021-11-23T10:07:14+00:00","breadcrumb":{"@id":"https:\/\/coffeelounge.delonghi.com\/fr\/actualites\/le-cafe-est-cueilli-et-apres\/#breadcrumb"},"inLanguage":"fr-FR","potentialAction":[{"@type":"ReadAction","target":["https:\/\/coffeelounge.delonghi.com\/fr\/actualites\/le-cafe-est-cueilli-et-apres\/"]}]},{"@type":"ImageObject","inLanguage":"fr-FR","@id":"https:\/\/coffeelounge.delonghi.com\/fr\/actualites\/le-cafe-est-cueilli-et-apres\/#primaryimage","url":"https:\/\/coffeelounge.delonghi.com\/wp-content\/uploads\/2021\/11\/IMG_4748-scaled.jpg","contentUrl":"https:\/\/coffeelounge.delonghi.com\/wp-content\/uploads\/2021\/11\/IMG_4748-scaled.jpg","width":1920,"height":2560,"caption":"la couleur orange miell\u00e9e est le signe de reconnaissance de la m\u00e9thode Honey"},{"@type":"BreadcrumbList","@id":"https:\/\/coffeelounge.delonghi.com\/fr\/actualites\/le-cafe-est-cueilli-et-apres\/#breadcrumb","itemListElement":[{"@type":"ListItem","position":1,"name":"Home","item":"https:\/\/coffeelounge.delonghi.com\/fr\/"},{"@type":"ListItem","position":2,"name":"Discover","item":"https:\/\/coffeelounge.delonghi.com\/fr\/actualites\/"},{"@type":"ListItem","position":3,"name":"Tendances &amp; mode de vie","item":"https:\/\/coffeelounge.delonghi.com\/fr\/discoveries\/trends_and_lifestyle\/"},{"@type":"ListItem","position":4,"name":"Le caf\u00e9 est cueilli\u2026 Et apr\u00e8s ?"}]},{"@type":"WebSite","@id":"https:\/\/coffeelounge.delonghi.com\/fr\/#website","url":"https:\/\/coffeelounge.delonghi.com\/fr\/","name":"De&#039;Longhi","description":"Coffee Lounge","publisher":{"@id":"https:\/\/coffeelounge.delonghi.com\/fr\/#organization"},"potentialAction":[{"@type":"SearchAction","target":{"@type":"EntryPoint","urlTemplate":"https:\/\/coffeelounge.delonghi.com\/fr\/?s={search_term_string}"},"query-input":{"@type":"PropertyValueSpecification","valueRequired":true,"valueName":"search_term_string"}}],"inLanguage":"fr-FR"},{"@type":"Organization","@id":"https:\/\/coffeelounge.delonghi.com\/fr\/#organization","name":"De'Longhi Coffee Lounge","url":"https:\/\/coffeelounge.delonghi.com\/fr\/","logo":{"@type":"ImageObject","inLanguage":"fr-FR","@id":"https:\/\/coffeelounge.delonghi.com\/fr\/#\/schema\/logo\/image\/","url":"https:\/\/coffeelounge.delonghi.com\/wp-content\/uploads\/2020\/05\/delonghi-coffee-lounge-logo-nederland.png","contentUrl":"https:\/\/coffeelounge.delonghi.com\/wp-content\/uploads\/2020\/05\/delonghi-coffee-lounge-logo-nederland.png","width":2337,"height":724,"caption":"De'Longhi Coffee Lounge"},"image":{"@id":"https:\/\/coffeelounge.delonghi.com\/fr\/#\/schema\/logo\/image\/"}}]}},"_links":{"self":[{"href":"https:\/\/coffeelounge.delonghi.com\/fr\/wp-json\/wp\/v2\/discover\/87254","targetHints":{"allow":["GET"]}}],"collection":[{"href":"https:\/\/coffeelounge.delonghi.com\/fr\/wp-json\/wp\/v2\/discover"}],"about":[{"href":"https:\/\/coffeelounge.delonghi.com\/fr\/wp-json\/wp\/v2\/types\/discover"}],"author":[{"embeddable":true,"href":"https:\/\/coffeelounge.delonghi.com\/fr\/wp-json\/wp\/v2\/users\/5224"}],"version-history":[{"count":0,"href":"https:\/\/coffeelounge.delonghi.com\/fr\/wp-json\/wp\/v2\/discover\/87254\/revisions"}],"wp:featuredmedia":[{"embeddable":true,"href":"https:\/\/coffeelounge.delonghi.com\/fr\/wp-json\/wp\/v2\/media\/87267"}],"wp:attachment":[{"href":"https:\/\/coffeelounge.delonghi.com\/fr\/wp-json\/wp\/v2\/media?parent=87254"}],"wp:term":[{"taxonomy":"discover_type","embeddable":true,"href":"https:\/\/coffeelounge.delonghi.com\/fr\/wp-json\/wp\/v2\/discover_type?post=87254"}],"curies":[{"name":"wp","href":"https:\/\/api.w.org\/{rel}","templated":true}]}}