{"id":297148,"date":"2022-11-21T10:28:35","date_gmt":"2022-11-21T10:28:35","guid":{"rendered":"https:\/\/coffeelounge.delonghi.com\/?post_type=discover&#038;p=297148"},"modified":"2022-11-21T10:28:38","modified_gmt":"2022-11-21T10:28:38","slug":"hugues-chazottes-fondateur-cafes-goneo","status":"publish","type":"discover","link":"https:\/\/coffeelounge.delonghi.com\/fr\/actualites\/hugues-chazottes-fondateur-cafes-goneo\/","title":{"rendered":"Hugues Chazottes &#8211; Fondateur de Caf\u00e9s Gon\u00e9o"},"content":{"rendered":"<p>Le jeune entrepreneur qui a eu l\u2019inspiration en cr\u00e9ant Caf\u00e9s Gon\u00e9o revient sur son parcours, sa d\u00e9couverte du Caf\u00e9 de Sp\u00e9cialit\u00e9, ses projets et ses fiert\u00e9s\u2026 notamment celle qu\u2019il partage avec Guillaume son torr\u00e9facteur, laur\u00e9at du \u00ab&nbsp;Meilleur M\u00e9lange pour un Expresso&nbsp;\u00bb remport\u00e9 au dernier Paris Coffee Show.<\/p>","protected":false},"author":16193,"featured_media":297312,"menu_order":0,"template":"","meta":{"_acf_changed":false,"footnotes":""},"discover_type":[181],"class_list":["post-297148","discover","type-discover","status-publish","has-post-thumbnail","hentry","discover_type-stories_and_interviews"],"acf":[],"yoast_head":"<!-- This site is optimized with the Yoast SEO Premium plugin v24.5 (Yoast SEO v24.5) - https:\/\/yoast.com\/wordpress\/plugins\/seo\/ -->\n<title>Hugues Chazottes - Fondateur de Caf\u00e9s Gon\u00e9o | De&#039;Longhi<\/title>\n<meta name=\"robots\" content=\"index, follow, max-snippet:-1, max-image-preview:large, max-video-preview:-1\" \/>\n<meta name=\"twitter:card\" content=\"summary_large_image\" \/>\n<meta name=\"twitter:title\" content=\"Hugues Chazottes - Fondateur de Caf\u00e9s Gon\u00e9o | De&#039;Longhi\" \/>\n<meta name=\"twitter:description\" content=\"Le jeune entrepreneur qui a eu l\u2019inspiration en cr\u00e9ant Caf\u00e9s Gon\u00e9o revient sur son parcours, sa d\u00e9couverte du Caf\u00e9 de Sp\u00e9cialit\u00e9, ses projets et ses fiert\u00e9s\u2026 notamment celle qu\u2019il partage avec Guillaume son torr\u00e9facteur, laur\u00e9at du \u00ab&nbsp;Meilleur M\u00e9lange pour un Expresso&nbsp;\u00bb remport\u00e9 au dernier Paris Coffee Show.\" \/>\n<meta name=\"twitter:image\" content=\"https:\/\/coffeelounge.delonghi.com\/wp-content\/uploads\/2022\/11\/Hugues-et-Guillaume-1.jpg\" \/>\n<script type=\"application\/ld+json\" class=\"yoast-schema-graph\">{\"@context\":\"https:\/\/schema.org\",\"@graph\":[{\"@type\":\"WebPage\",\"@id\":\"https:\/\/coffeelounge.delonghi.com\/fr\/actualites\/hugues-chazottes-fondateur-cafes-goneo\/\",\"url\":\"https:\/\/coffeelounge.delonghi.com\/fr\/actualites\/hugues-chazottes-fondateur-cafes-goneo\/\",\"name\":\"Hugues Chazottes - Fondateur de Caf\u00e9s Gon\u00e9o | De&#039;Longhi\",\"isPartOf\":{\"@id\":\"https:\/\/coffeelounge.delonghi.com\/fr\/#website\"},\"primaryImageOfPage\":{\"@id\":\"https:\/\/coffeelounge.delonghi.com\/fr\/actualites\/hugues-chazottes-fondateur-cafes-goneo\/#primaryimage\"},\"image\":{\"@id\":\"https:\/\/coffeelounge.delonghi.com\/fr\/actualites\/hugues-chazottes-fondateur-cafes-goneo\/#primaryimage\"},\"thumbnailUrl\":\"https:\/\/coffeelounge.delonghi.com\/wp-content\/uploads\/2022\/11\/Hugues-et-Guillaume-1.jpg\",\"datePublished\":\"2022-11-21T10:28:35+00:00\",\"dateModified\":\"2022-11-21T10:28:38+00:00\",\"breadcrumb\":{\"@id\":\"https:\/\/coffeelounge.delonghi.com\/fr\/actualites\/hugues-chazottes-fondateur-cafes-goneo\/#breadcrumb\"},\"inLanguage\":\"fr-FR\",\"potentialAction\":[{\"@type\":\"ReadAction\",\"target\":[\"https:\/\/coffeelounge.delonghi.com\/fr\/actualites\/hugues-chazottes-fondateur-cafes-goneo\/\"]}]},{\"@type\":\"ImageObject\",\"inLanguage\":\"fr-FR\",\"@id\":\"https:\/\/coffeelounge.delonghi.com\/fr\/actualites\/hugues-chazottes-fondateur-cafes-goneo\/#primaryimage\",\"url\":\"https:\/\/coffeelounge.delonghi.com\/wp-content\/uploads\/2022\/11\/Hugues-et-Guillaume-1.jpg\",\"contentUrl\":\"https:\/\/coffeelounge.delonghi.com\/wp-content\/uploads\/2022\/11\/Hugues-et-Guillaume-1.jpg\",\"width\":1318,\"height\":1398},{\"@type\":\"BreadcrumbList\",\"@id\":\"https:\/\/coffeelounge.delonghi.com\/fr\/actualites\/hugues-chazottes-fondateur-cafes-goneo\/#breadcrumb\",\"itemListElement\":[{\"@type\":\"ListItem\",\"position\":1,\"name\":\"Home\",\"item\":\"https:\/\/coffeelounge.delonghi.com\/fr\/\"},{\"@type\":\"ListItem\",\"position\":2,\"name\":\"Discover\",\"item\":\"https:\/\/coffeelounge.delonghi.com\/fr\/actualites\/\"},{\"@type\":\"ListItem\",\"position\":3,\"name\":\"Histoires et interviews\",\"item\":\"https:\/\/coffeelounge.delonghi.com\/fr\/discoveries\/stories_and_interviews\/\"},{\"@type\":\"ListItem\",\"position\":4,\"name\":\"Hugues Chazottes &#8211; Fondateur de Caf\u00e9s Gon\u00e9o\"}]},{\"@type\":\"WebSite\",\"@id\":\"https:\/\/coffeelounge.delonghi.com\/fr\/#website\",\"url\":\"https:\/\/coffeelounge.delonghi.com\/fr\/\",\"name\":\"De&#039;Longhi\",\"description\":\"Coffee Lounge\",\"publisher\":{\"@id\":\"https:\/\/coffeelounge.delonghi.com\/fr\/#organization\"},\"potentialAction\":[{\"@type\":\"SearchAction\",\"target\":{\"@type\":\"EntryPoint\",\"urlTemplate\":\"https:\/\/coffeelounge.delonghi.com\/fr\/?s={search_term_string}\"},\"query-input\":{\"@type\":\"PropertyValueSpecification\",\"valueRequired\":true,\"valueName\":\"search_term_string\"}}],\"inLanguage\":\"fr-FR\"},{\"@type\":\"Organization\",\"@id\":\"https:\/\/coffeelounge.delonghi.com\/fr\/#organization\",\"name\":\"De'Longhi Coffee Lounge\",\"url\":\"https:\/\/coffeelounge.delonghi.com\/fr\/\",\"logo\":{\"@type\":\"ImageObject\",\"inLanguage\":\"fr-FR\",\"@id\":\"https:\/\/coffeelounge.delonghi.com\/fr\/#\/schema\/logo\/image\/\",\"url\":\"https:\/\/coffeelounge.delonghi.com\/wp-content\/uploads\/2020\/05\/delonghi-coffee-lounge-logo-nederland.png\",\"contentUrl\":\"https:\/\/coffeelounge.delonghi.com\/wp-content\/uploads\/2020\/05\/delonghi-coffee-lounge-logo-nederland.png\",\"width\":2337,\"height\":724,\"caption\":\"De'Longhi Coffee Lounge\"},\"image\":{\"@id\":\"https:\/\/coffeelounge.delonghi.com\/fr\/#\/schema\/logo\/image\/\"}}]}<\/script>\n<!-- \/ Yoast SEO Premium plugin. -->","yoast_head_json":{"title":"Hugues Chazottes - Fondateur de Caf\u00e9s Gon\u00e9o | De&#039;Longhi","robots":{"index":"index","follow":"follow","max-snippet":"max-snippet:-1","max-image-preview":"max-image-preview:large","max-video-preview":"max-video-preview:-1"},"twitter_card":"summary_large_image","twitter_title":"Hugues Chazottes - Fondateur de Caf\u00e9s Gon\u00e9o | De&#039;Longhi","twitter_description":"Le jeune entrepreneur qui a eu l\u2019inspiration en cr\u00e9ant Caf\u00e9s Gon\u00e9o revient sur son parcours, sa d\u00e9couverte du Caf\u00e9 de Sp\u00e9cialit\u00e9, ses projets et ses fiert\u00e9s\u2026 notamment celle qu\u2019il partage avec Guillaume son torr\u00e9facteur, laur\u00e9at du \u00ab&nbsp;Meilleur M\u00e9lange pour un Expresso&nbsp;\u00bb remport\u00e9 au dernier Paris Coffee Show.","twitter_image":"https:\/\/coffeelounge.delonghi.com\/wp-content\/uploads\/2022\/11\/Hugues-et-Guillaume-1.jpg","schema":{"@context":"https:\/\/schema.org","@graph":[{"@type":"WebPage","@id":"https:\/\/coffeelounge.delonghi.com\/fr\/actualites\/hugues-chazottes-fondateur-cafes-goneo\/","url":"https:\/\/coffeelounge.delonghi.com\/fr\/actualites\/hugues-chazottes-fondateur-cafes-goneo\/","name":"Hugues Chazottes - Fondateur de Caf\u00e9s Gon\u00e9o | De&#039;Longhi","isPartOf":{"@id":"https:\/\/coffeelounge.delonghi.com\/fr\/#website"},"primaryImageOfPage":{"@id":"https:\/\/coffeelounge.delonghi.com\/fr\/actualites\/hugues-chazottes-fondateur-cafes-goneo\/#primaryimage"},"image":{"@id":"https:\/\/coffeelounge.delonghi.com\/fr\/actualites\/hugues-chazottes-fondateur-cafes-goneo\/#primaryimage"},"thumbnailUrl":"https:\/\/coffeelounge.delonghi.com\/wp-content\/uploads\/2022\/11\/Hugues-et-Guillaume-1.jpg","datePublished":"2022-11-21T10:28:35+00:00","dateModified":"2022-11-21T10:28:38+00:00","breadcrumb":{"@id":"https:\/\/coffeelounge.delonghi.com\/fr\/actualites\/hugues-chazottes-fondateur-cafes-goneo\/#breadcrumb"},"inLanguage":"fr-FR","potentialAction":[{"@type":"ReadAction","target":["https:\/\/coffeelounge.delonghi.com\/fr\/actualites\/hugues-chazottes-fondateur-cafes-goneo\/"]}]},{"@type":"ImageObject","inLanguage":"fr-FR","@id":"https:\/\/coffeelounge.delonghi.com\/fr\/actualites\/hugues-chazottes-fondateur-cafes-goneo\/#primaryimage","url":"https:\/\/coffeelounge.delonghi.com\/wp-content\/uploads\/2022\/11\/Hugues-et-Guillaume-1.jpg","contentUrl":"https:\/\/coffeelounge.delonghi.com\/wp-content\/uploads\/2022\/11\/Hugues-et-Guillaume-1.jpg","width":1318,"height":1398},{"@type":"BreadcrumbList","@id":"https:\/\/coffeelounge.delonghi.com\/fr\/actualites\/hugues-chazottes-fondateur-cafes-goneo\/#breadcrumb","itemListElement":[{"@type":"ListItem","position":1,"name":"Home","item":"https:\/\/coffeelounge.delonghi.com\/fr\/"},{"@type":"ListItem","position":2,"name":"Discover","item":"https:\/\/coffeelounge.delonghi.com\/fr\/actualites\/"},{"@type":"ListItem","position":3,"name":"Histoires et interviews","item":"https:\/\/coffeelounge.delonghi.com\/fr\/discoveries\/stories_and_interviews\/"},{"@type":"ListItem","position":4,"name":"Hugues Chazottes &#8211; Fondateur de Caf\u00e9s Gon\u00e9o"}]},{"@type":"WebSite","@id":"https:\/\/coffeelounge.delonghi.com\/fr\/#website","url":"https:\/\/coffeelounge.delonghi.com\/fr\/","name":"De&#039;Longhi","description":"Coffee Lounge","publisher":{"@id":"https:\/\/coffeelounge.delonghi.com\/fr\/#organization"},"potentialAction":[{"@type":"SearchAction","target":{"@type":"EntryPoint","urlTemplate":"https:\/\/coffeelounge.delonghi.com\/fr\/?s={search_term_string}"},"query-input":{"@type":"PropertyValueSpecification","valueRequired":true,"valueName":"search_term_string"}}],"inLanguage":"fr-FR"},{"@type":"Organization","@id":"https:\/\/coffeelounge.delonghi.com\/fr\/#organization","name":"De'Longhi Coffee Lounge","url":"https:\/\/coffeelounge.delonghi.com\/fr\/","logo":{"@type":"ImageObject","inLanguage":"fr-FR","@id":"https:\/\/coffeelounge.delonghi.com\/fr\/#\/schema\/logo\/image\/","url":"https:\/\/coffeelounge.delonghi.com\/wp-content\/uploads\/2020\/05\/delonghi-coffee-lounge-logo-nederland.png","contentUrl":"https:\/\/coffeelounge.delonghi.com\/wp-content\/uploads\/2020\/05\/delonghi-coffee-lounge-logo-nederland.png","width":2337,"height":724,"caption":"De'Longhi Coffee Lounge"},"image":{"@id":"https:\/\/coffeelounge.delonghi.com\/fr\/#\/schema\/logo\/image\/"}}]}},"_links":{"self":[{"href":"https:\/\/coffeelounge.delonghi.com\/fr\/wp-json\/wp\/v2\/discover\/297148","targetHints":{"allow":["GET"]}}],"collection":[{"href":"https:\/\/coffeelounge.delonghi.com\/fr\/wp-json\/wp\/v2\/discover"}],"about":[{"href":"https:\/\/coffeelounge.delonghi.com\/fr\/wp-json\/wp\/v2\/types\/discover"}],"author":[{"embeddable":true,"href":"https:\/\/coffeelounge.delonghi.com\/fr\/wp-json\/wp\/v2\/users\/16193"}],"version-history":[{"count":0,"href":"https:\/\/coffeelounge.delonghi.com\/fr\/wp-json\/wp\/v2\/discover\/297148\/revisions"}],"wp:featuredmedia":[{"embeddable":true,"href":"https:\/\/coffeelounge.delonghi.com\/fr\/wp-json\/wp\/v2\/media\/297312"}],"wp:attachment":[{"href":"https:\/\/coffeelounge.delonghi.com\/fr\/wp-json\/wp\/v2\/media?parent=297148"}],"wp:term":[{"taxonomy":"discover_type","embeddable":true,"href":"https:\/\/coffeelounge.delonghi.com\/fr\/wp-json\/wp\/v2\/discover_type?post=297148"}],"curies":[{"name":"wp","href":"https:\/\/api.w.org\/{rel}","templated":true}]}}