{"id":277926,"date":"2022-10-13T09:02:15","date_gmt":"2022-10-13T09:02:15","guid":{"rendered":"https:\/\/coffeelounge.delonghi.com\/?post_type=discover&#038;p=277926"},"modified":"2022-10-14T10:07:37","modified_gmt":"2022-10-14T10:07:37","slug":"paul-arnephy-champion-du-grain","status":"publish","type":"discover","link":"https:\/\/coffeelounge.delonghi.com\/fr\/actualites\/paul-arnephy-champion-du-grain\/","title":{"rendered":"Paul Arnephy : Champion du grain"},"content":{"rendered":"<blockquote class=\"wp-block-quote is-layout-flow wp-block-quote-is-layout-flow\"><p><em>&#8221; J\u2019estime que si on ne se r\u00e9serve pas un temps pour tester ses caf\u00e9s, autant ne pas torr\u00e9fier.<\/em><\/p><p><em>Je me suis de plus en plus int\u00e9ress\u00e9 au go\u00fbt et la r\u00e9v\u00e9lation est arriv\u00e9e gr\u00e2ce \u00e0 mon premier cupping d\u2019Ethiopie\u2026 Incroyable !<\/em> <\/p><p>Je suis convaincu que d\u2019ici peu nous (en France) serons une r\u00e9f\u00e9rence mondiale du Specialty Coffee &#8220;<\/p><\/blockquote><h5 class=\"wp-block-heading\" id=\"h-talentueux-titre-et-reconnu-par-ses-pairs-l-ancien-torrefacteur-de-cafe-lomi-va-representer-la-france-aux-prochains-championnats-du-monde-de-torrefaction-taiwan-couronne-lors-du-dernier-paris-coffee-show-il-a-accorde-une-interview-au-coffee-lounge-ou-il-livre-sa-fascination-pour-son-metier-des-premiers-moments-cafe-a-melbourne-ou-tout-a-bascule-pour-lui-et-nous-fait-part-de-son-analyse-optimiste-et-eclairee-d-une-france-du-specialty-coffee-rencontre\"><strong>Talentueux, titr\u00e9 et reconnu par ses pairs, l\u2019ancien torr\u00e9facteur de Caf\u00e9 Lomi va repr\u00e9senter la France aux prochains championnats du monde de Torr\u00e9faction (Taiwan). Couronn\u00e9 lors du dernier Paris Coffee Show, il a accord\u00e9 une interview au Coffee Lounge o\u00f9 il livre sa fascination pour son m\u00e9tier, des premiers moments caf\u00e9 \u00e0 Melbourne o\u00f9 tout a bascul\u00e9 pour lui\u2026 et nous fait part de son analyse optimiste et \u00e9clair\u00e9e d\u2019une France du Specialty Coffee. Rencontre.<\/strong><\/h5><p><\/p>","protected":false},"author":16193,"featured_media":277946,"menu_order":0,"template":"","meta":{"_acf_changed":false,"footnotes":""},"discover_type":[181],"class_list":["post-277926","discover","type-discover","status-publish","has-post-thumbnail","hentry","discover_type-stories_and_interviews"],"acf":[],"yoast_head":"<!-- This site is optimized with the Yoast SEO Premium plugin v24.5 (Yoast SEO v24.5) - https:\/\/yoast.com\/wordpress\/plugins\/seo\/ -->\n<title>Paul Arnephy : Champion du grain | De&#039;Longhi<\/title>\n<meta name=\"robots\" content=\"index, follow, max-snippet:-1, max-image-preview:large, max-video-preview:-1\" \/>\n<meta name=\"twitter:card\" content=\"summary_large_image\" \/>\n<meta name=\"twitter:title\" content=\"Paul Arnephy : Champion du grain | De&#039;Longhi\" \/>\n<meta name=\"twitter:description\" content=\"&#8221; J\u2019estime que si on ne se r\u00e9serve pas un temps pour tester ses caf\u00e9s, autant ne pas torr\u00e9fier. Je me suis de plus en plus int\u00e9ress\u00e9 au go\u00fbt et la r\u00e9v\u00e9lation est arriv\u00e9e gr\u00e2ce \u00e0 mon premier cupping d\u2019Ethiopie\u2026 Incroyable ! Je suis convaincu que d\u2019ici peu nous (en France) serons une r\u00e9f\u00e9rence mondiale [&hellip;]\" \/>\n<meta name=\"twitter:image\" content=\"https:\/\/coffeelounge.delonghi.com\/wp-content\/uploads\/2022\/10\/MOF-torrefacteur-JPG.jpg\" \/>\n<script type=\"application\/ld+json\" class=\"yoast-schema-graph\">{\"@context\":\"https:\/\/schema.org\",\"@graph\":[{\"@type\":\"WebPage\",\"@id\":\"https:\/\/coffeelounge.delonghi.com\/fr\/actualites\/paul-arnephy-champion-du-grain\/\",\"url\":\"https:\/\/coffeelounge.delonghi.com\/fr\/actualites\/paul-arnephy-champion-du-grain\/\",\"name\":\"Paul Arnephy : Champion du grain | De&#039;Longhi\",\"isPartOf\":{\"@id\":\"https:\/\/coffeelounge.delonghi.com\/fr\/#website\"},\"primaryImageOfPage\":{\"@id\":\"https:\/\/coffeelounge.delonghi.com\/fr\/actualites\/paul-arnephy-champion-du-grain\/#primaryimage\"},\"image\":{\"@id\":\"https:\/\/coffeelounge.delonghi.com\/fr\/actualites\/paul-arnephy-champion-du-grain\/#primaryimage\"},\"thumbnailUrl\":\"https:\/\/coffeelounge.delonghi.com\/wp-content\/uploads\/2022\/10\/MOF-torrefacteur-JPG.jpg\",\"datePublished\":\"2022-10-13T09:02:15+00:00\",\"dateModified\":\"2022-10-14T10:07:37+00:00\",\"breadcrumb\":{\"@id\":\"https:\/\/coffeelounge.delonghi.com\/fr\/actualites\/paul-arnephy-champion-du-grain\/#breadcrumb\"},\"inLanguage\":\"fr-FR\",\"potentialAction\":[{\"@type\":\"ReadAction\",\"target\":[\"https:\/\/coffeelounge.delonghi.com\/fr\/actualites\/paul-arnephy-champion-du-grain\/\"]}]},{\"@type\":\"ImageObject\",\"inLanguage\":\"fr-FR\",\"@id\":\"https:\/\/coffeelounge.delonghi.com\/fr\/actualites\/paul-arnephy-champion-du-grain\/#primaryimage\",\"url\":\"https:\/\/coffeelounge.delonghi.com\/wp-content\/uploads\/2022\/10\/MOF-torrefacteur-JPG.jpg\",\"contentUrl\":\"https:\/\/coffeelounge.delonghi.com\/wp-content\/uploads\/2022\/10\/MOF-torrefacteur-JPG.jpg\",\"width\":1192,\"height\":1230},{\"@type\":\"BreadcrumbList\",\"@id\":\"https:\/\/coffeelounge.delonghi.com\/fr\/actualites\/paul-arnephy-champion-du-grain\/#breadcrumb\",\"itemListElement\":[{\"@type\":\"ListItem\",\"position\":1,\"name\":\"Home\",\"item\":\"https:\/\/coffeelounge.delonghi.com\/fr\/\"},{\"@type\":\"ListItem\",\"position\":2,\"name\":\"Discover\",\"item\":\"https:\/\/coffeelounge.delonghi.com\/fr\/actualites\/\"},{\"@type\":\"ListItem\",\"position\":3,\"name\":\"Histoires et interviews\",\"item\":\"https:\/\/coffeelounge.delonghi.com\/fr\/discoveries\/stories_and_interviews\/\"},{\"@type\":\"ListItem\",\"position\":4,\"name\":\"Paul Arnephy : Champion du grain\"}]},{\"@type\":\"WebSite\",\"@id\":\"https:\/\/coffeelounge.delonghi.com\/fr\/#website\",\"url\":\"https:\/\/coffeelounge.delonghi.com\/fr\/\",\"name\":\"De&#039;Longhi\",\"description\":\"Coffee Lounge\",\"publisher\":{\"@id\":\"https:\/\/coffeelounge.delonghi.com\/fr\/#organization\"},\"potentialAction\":[{\"@type\":\"SearchAction\",\"target\":{\"@type\":\"EntryPoint\",\"urlTemplate\":\"https:\/\/coffeelounge.delonghi.com\/fr\/?s={search_term_string}\"},\"query-input\":{\"@type\":\"PropertyValueSpecification\",\"valueRequired\":true,\"valueName\":\"search_term_string\"}}],\"inLanguage\":\"fr-FR\"},{\"@type\":\"Organization\",\"@id\":\"https:\/\/coffeelounge.delonghi.com\/fr\/#organization\",\"name\":\"De'Longhi Coffee Lounge\",\"url\":\"https:\/\/coffeelounge.delonghi.com\/fr\/\",\"logo\":{\"@type\":\"ImageObject\",\"inLanguage\":\"fr-FR\",\"@id\":\"https:\/\/coffeelounge.delonghi.com\/fr\/#\/schema\/logo\/image\/\",\"url\":\"https:\/\/coffeelounge.delonghi.com\/wp-content\/uploads\/2020\/05\/delonghi-coffee-lounge-logo-nederland.png\",\"contentUrl\":\"https:\/\/coffeelounge.delonghi.com\/wp-content\/uploads\/2020\/05\/delonghi-coffee-lounge-logo-nederland.png\",\"width\":2337,\"height\":724,\"caption\":\"De'Longhi Coffee Lounge\"},\"image\":{\"@id\":\"https:\/\/coffeelounge.delonghi.com\/fr\/#\/schema\/logo\/image\/\"}}]}<\/script>\n<!-- \/ Yoast SEO Premium plugin. -->","yoast_head_json":{"title":"Paul Arnephy : Champion du grain | De&#039;Longhi","robots":{"index":"index","follow":"follow","max-snippet":"max-snippet:-1","max-image-preview":"max-image-preview:large","max-video-preview":"max-video-preview:-1"},"twitter_card":"summary_large_image","twitter_title":"Paul Arnephy : Champion du grain | De&#039;Longhi","twitter_description":"&#8221; J\u2019estime que si on ne se r\u00e9serve pas un temps pour tester ses caf\u00e9s, autant ne pas torr\u00e9fier. Je me suis de plus en plus int\u00e9ress\u00e9 au go\u00fbt et la r\u00e9v\u00e9lation est arriv\u00e9e gr\u00e2ce \u00e0 mon premier cupping d\u2019Ethiopie\u2026 Incroyable ! Je suis convaincu que d\u2019ici peu nous (en France) serons une r\u00e9f\u00e9rence mondiale [&hellip;]","twitter_image":"https:\/\/coffeelounge.delonghi.com\/wp-content\/uploads\/2022\/10\/MOF-torrefacteur-JPG.jpg","schema":{"@context":"https:\/\/schema.org","@graph":[{"@type":"WebPage","@id":"https:\/\/coffeelounge.delonghi.com\/fr\/actualites\/paul-arnephy-champion-du-grain\/","url":"https:\/\/coffeelounge.delonghi.com\/fr\/actualites\/paul-arnephy-champion-du-grain\/","name":"Paul Arnephy : Champion du grain | De&#039;Longhi","isPartOf":{"@id":"https:\/\/coffeelounge.delonghi.com\/fr\/#website"},"primaryImageOfPage":{"@id":"https:\/\/coffeelounge.delonghi.com\/fr\/actualites\/paul-arnephy-champion-du-grain\/#primaryimage"},"image":{"@id":"https:\/\/coffeelounge.delonghi.com\/fr\/actualites\/paul-arnephy-champion-du-grain\/#primaryimage"},"thumbnailUrl":"https:\/\/coffeelounge.delonghi.com\/wp-content\/uploads\/2022\/10\/MOF-torrefacteur-JPG.jpg","datePublished":"2022-10-13T09:02:15+00:00","dateModified":"2022-10-14T10:07:37+00:00","breadcrumb":{"@id":"https:\/\/coffeelounge.delonghi.com\/fr\/actualites\/paul-arnephy-champion-du-grain\/#breadcrumb"},"inLanguage":"fr-FR","potentialAction":[{"@type":"ReadAction","target":["https:\/\/coffeelounge.delonghi.com\/fr\/actualites\/paul-arnephy-champion-du-grain\/"]}]},{"@type":"ImageObject","inLanguage":"fr-FR","@id":"https:\/\/coffeelounge.delonghi.com\/fr\/actualites\/paul-arnephy-champion-du-grain\/#primaryimage","url":"https:\/\/coffeelounge.delonghi.com\/wp-content\/uploads\/2022\/10\/MOF-torrefacteur-JPG.jpg","contentUrl":"https:\/\/coffeelounge.delonghi.com\/wp-content\/uploads\/2022\/10\/MOF-torrefacteur-JPG.jpg","width":1192,"height":1230},{"@type":"BreadcrumbList","@id":"https:\/\/coffeelounge.delonghi.com\/fr\/actualites\/paul-arnephy-champion-du-grain\/#breadcrumb","itemListElement":[{"@type":"ListItem","position":1,"name":"Home","item":"https:\/\/coffeelounge.delonghi.com\/fr\/"},{"@type":"ListItem","position":2,"name":"Discover","item":"https:\/\/coffeelounge.delonghi.com\/fr\/actualites\/"},{"@type":"ListItem","position":3,"name":"Histoires et interviews","item":"https:\/\/coffeelounge.delonghi.com\/fr\/discoveries\/stories_and_interviews\/"},{"@type":"ListItem","position":4,"name":"Paul Arnephy : Champion du grain"}]},{"@type":"WebSite","@id":"https:\/\/coffeelounge.delonghi.com\/fr\/#website","url":"https:\/\/coffeelounge.delonghi.com\/fr\/","name":"De&#039;Longhi","description":"Coffee Lounge","publisher":{"@id":"https:\/\/coffeelounge.delonghi.com\/fr\/#organization"},"potentialAction":[{"@type":"SearchAction","target":{"@type":"EntryPoint","urlTemplate":"https:\/\/coffeelounge.delonghi.com\/fr\/?s={search_term_string}"},"query-input":{"@type":"PropertyValueSpecification","valueRequired":true,"valueName":"search_term_string"}}],"inLanguage":"fr-FR"},{"@type":"Organization","@id":"https:\/\/coffeelounge.delonghi.com\/fr\/#organization","name":"De'Longhi Coffee Lounge","url":"https:\/\/coffeelounge.delonghi.com\/fr\/","logo":{"@type":"ImageObject","inLanguage":"fr-FR","@id":"https:\/\/coffeelounge.delonghi.com\/fr\/#\/schema\/logo\/image\/","url":"https:\/\/coffeelounge.delonghi.com\/wp-content\/uploads\/2020\/05\/delonghi-coffee-lounge-logo-nederland.png","contentUrl":"https:\/\/coffeelounge.delonghi.com\/wp-content\/uploads\/2020\/05\/delonghi-coffee-lounge-logo-nederland.png","width":2337,"height":724,"caption":"De'Longhi Coffee Lounge"},"image":{"@id":"https:\/\/coffeelounge.delonghi.com\/fr\/#\/schema\/logo\/image\/"}}]}},"_links":{"self":[{"href":"https:\/\/coffeelounge.delonghi.com\/fr\/wp-json\/wp\/v2\/discover\/277926","targetHints":{"allow":["GET"]}}],"collection":[{"href":"https:\/\/coffeelounge.delonghi.com\/fr\/wp-json\/wp\/v2\/discover"}],"about":[{"href":"https:\/\/coffeelounge.delonghi.com\/fr\/wp-json\/wp\/v2\/types\/discover"}],"author":[{"embeddable":true,"href":"https:\/\/coffeelounge.delonghi.com\/fr\/wp-json\/wp\/v2\/users\/16193"}],"version-history":[{"count":0,"href":"https:\/\/coffeelounge.delonghi.com\/fr\/wp-json\/wp\/v2\/discover\/277926\/revisions"}],"wp:featuredmedia":[{"embeddable":true,"href":"https:\/\/coffeelounge.delonghi.com\/fr\/wp-json\/wp\/v2\/media\/277946"}],"wp:attachment":[{"href":"https:\/\/coffeelounge.delonghi.com\/fr\/wp-json\/wp\/v2\/media?parent=277926"}],"wp:term":[{"taxonomy":"discover_type","embeddable":true,"href":"https:\/\/coffeelounge.delonghi.com\/fr\/wp-json\/wp\/v2\/discover_type?post=277926"}],"curies":[{"name":"wp","href":"https:\/\/api.w.org\/{rel}","templated":true}]}}