{"id":271620,"date":"2022-09-29T13:22:22","date_gmt":"2022-09-29T13:22:22","guid":{"rendered":"https:\/\/coffeelounge.delonghi.com\/?post_type=discover&#038;p=271620"},"modified":"2022-10-11T15:54:35","modified_gmt":"2022-10-11T15:54:35","slug":"celebrez-la-journee-internationale-du-cafe-avec-notre-parcours-de-durabilite","status":"publish","type":"discover","link":"https:\/\/coffeelounge.delonghi.com\/fr\/actualites\/celebrez-la-journee-internationale-du-cafe-avec-notre-parcours-de-durabilite\/","title":{"rendered":"C\u00e9l\u00e9brez la journ\u00e9e internationale du caf\u00e9 avec notre parcours de durabilit\u00e9"},"content":{"rendered":"<p class=\"has-text-align-left\"><strong>Journ\u00e9e Internationale du Caf\u00e9<\/strong>.<\/p><p><\/p>","protected":false},"author":16193,"featured_media":266343,"menu_order":0,"template":"","meta":{"_acf_changed":false,"footnotes":""},"discover_type":[856],"class_list":["post-271620","discover","type-discover","status-publish","has-post-thumbnail","hentry","discover_type-transformer-avec-integrite"],"acf":[],"yoast_head":"<!-- This site is optimized with the Yoast SEO Premium plugin v24.5 (Yoast SEO v24.5) - https:\/\/yoast.com\/wordpress\/plugins\/seo\/ -->\n<title>Journ\u00e9e internationale du caf\u00e9 - notre parcours de durabilit\u00e9 | De&#039;Longhi Coffee Lounge<\/title>\n<meta name=\"description\" content=\"Le 1er octobre 2022, marque la Journ\u00e9e Internationale du caf\u00e9, une journ\u00e9e de promotion et de c\u00e9l\u00e9bration du caf\u00e9 en tant que boisson, avec des \u00e9v\u00e9nements organis\u00e9s dans 77 pays et des milliers de lieux dans le monde entier.\" \/>\n<meta name=\"robots\" content=\"index, follow, max-snippet:-1, max-image-preview:large, max-video-preview:-1\" \/>\n<meta name=\"twitter:card\" content=\"summary_large_image\" \/>\n<meta name=\"twitter:title\" content=\"Journ\u00e9e internationale du caf\u00e9 - notre parcours de durabilit\u00e9 | De&#039;Longhi Coffee Lounge\" \/>\n<meta name=\"twitter:description\" content=\"Le 1er octobre 2022, marque la Journ\u00e9e Internationale du caf\u00e9, une journ\u00e9e de promotion et de c\u00e9l\u00e9bration du caf\u00e9 en tant que boisson, avec des \u00e9v\u00e9nements organis\u00e9s dans 77 pays et des milliers de lieux dans le monde entier.\" \/>\n<meta name=\"twitter:image\" content=\"https:\/\/coffeelounge.delonghi.com\/wp-content\/uploads\/2022\/09\/Img_-ARTICLE-1.png\" \/>\n<script type=\"application\/ld+json\" class=\"yoast-schema-graph\">{\"@context\":\"https:\/\/schema.org\",\"@graph\":[{\"@type\":\"WebPage\",\"@id\":\"https:\/\/coffeelounge.delonghi.com\/fr\/actualites\/celebrez-la-journee-internationale-du-cafe-avec-notre-parcours-de-durabilite\/\",\"url\":\"https:\/\/coffeelounge.delonghi.com\/fr\/actualites\/celebrez-la-journee-internationale-du-cafe-avec-notre-parcours-de-durabilite\/\",\"name\":\"Journ\u00e9e internationale du caf\u00e9 - notre parcours de durabilit\u00e9 | De'Longhi Coffee Lounge\",\"isPartOf\":{\"@id\":\"https:\/\/coffeelounge.delonghi.com\/fr\/#website\"},\"primaryImageOfPage\":{\"@id\":\"https:\/\/coffeelounge.delonghi.com\/fr\/actualites\/celebrez-la-journee-internationale-du-cafe-avec-notre-parcours-de-durabilite\/#primaryimage\"},\"image\":{\"@id\":\"https:\/\/coffeelounge.delonghi.com\/fr\/actualites\/celebrez-la-journee-internationale-du-cafe-avec-notre-parcours-de-durabilite\/#primaryimage\"},\"thumbnailUrl\":\"https:\/\/coffeelounge.delonghi.com\/wp-content\/uploads\/2022\/09\/Img_-ARTICLE-1.png\",\"datePublished\":\"2022-09-29T13:22:22+00:00\",\"dateModified\":\"2022-10-11T15:54:35+00:00\",\"description\":\"Le 1er octobre 2022, marque la Journ\u00e9e Internationale du caf\u00e9, une journ\u00e9e de promotion et de c\u00e9l\u00e9bration du caf\u00e9 en tant que boisson, avec des \u00e9v\u00e9nements organis\u00e9s dans 77 pays et des milliers de lieux dans le monde entier.\",\"breadcrumb\":{\"@id\":\"https:\/\/coffeelounge.delonghi.com\/fr\/actualites\/celebrez-la-journee-internationale-du-cafe-avec-notre-parcours-de-durabilite\/#breadcrumb\"},\"inLanguage\":\"fr-FR\",\"potentialAction\":[{\"@type\":\"ReadAction\",\"target\":[\"https:\/\/coffeelounge.delonghi.com\/fr\/actualites\/celebrez-la-journee-internationale-du-cafe-avec-notre-parcours-de-durabilite\/\"]}]},{\"@type\":\"ImageObject\",\"inLanguage\":\"fr-FR\",\"@id\":\"https:\/\/coffeelounge.delonghi.com\/fr\/actualites\/celebrez-la-journee-internationale-du-cafe-avec-notre-parcours-de-durabilite\/#primaryimage\",\"url\":\"https:\/\/coffeelounge.delonghi.com\/wp-content\/uploads\/2022\/09\/Img_-ARTICLE-1.png\",\"contentUrl\":\"https:\/\/coffeelounge.delonghi.com\/wp-content\/uploads\/2022\/09\/Img_-ARTICLE-1.png\",\"width\":620,\"height\":350},{\"@type\":\"BreadcrumbList\",\"@id\":\"https:\/\/coffeelounge.delonghi.com\/fr\/actualites\/celebrez-la-journee-internationale-du-cafe-avec-notre-parcours-de-durabilite\/#breadcrumb\",\"itemListElement\":[{\"@type\":\"ListItem\",\"position\":1,\"name\":\"Home\",\"item\":\"https:\/\/coffeelounge.delonghi.com\/fr\/\"},{\"@type\":\"ListItem\",\"position\":2,\"name\":\"Discover\",\"item\":\"https:\/\/coffeelounge.delonghi.com\/fr\/actualites\/\"},{\"@type\":\"ListItem\",\"position\":3,\"name\":\"Transformer avec int\u00e9grit\u00e9\",\"item\":\"https:\/\/coffeelounge.delonghi.com\/fr\/discoveries\/transformer-avec-integrite\/\"},{\"@type\":\"ListItem\",\"position\":4,\"name\":\"C\u00e9l\u00e9brez la journ\u00e9e internationale du caf\u00e9 avec notre parcours de durabilit\u00e9\"}]},{\"@type\":\"WebSite\",\"@id\":\"https:\/\/coffeelounge.delonghi.com\/fr\/#website\",\"url\":\"https:\/\/coffeelounge.delonghi.com\/fr\/\",\"name\":\"De&#039;Longhi\",\"description\":\"Coffee Lounge\",\"publisher\":{\"@id\":\"https:\/\/coffeelounge.delonghi.com\/fr\/#organization\"},\"potentialAction\":[{\"@type\":\"SearchAction\",\"target\":{\"@type\":\"EntryPoint\",\"urlTemplate\":\"https:\/\/coffeelounge.delonghi.com\/fr\/?s={search_term_string}\"},\"query-input\":{\"@type\":\"PropertyValueSpecification\",\"valueRequired\":true,\"valueName\":\"search_term_string\"}}],\"inLanguage\":\"fr-FR\"},{\"@type\":\"Organization\",\"@id\":\"https:\/\/coffeelounge.delonghi.com\/fr\/#organization\",\"name\":\"De'Longhi Coffee Lounge\",\"url\":\"https:\/\/coffeelounge.delonghi.com\/fr\/\",\"logo\":{\"@type\":\"ImageObject\",\"inLanguage\":\"fr-FR\",\"@id\":\"https:\/\/coffeelounge.delonghi.com\/fr\/#\/schema\/logo\/image\/\",\"url\":\"https:\/\/coffeelounge.delonghi.com\/wp-content\/uploads\/2020\/05\/delonghi-coffee-lounge-logo-nederland.png\",\"contentUrl\":\"https:\/\/coffeelounge.delonghi.com\/wp-content\/uploads\/2020\/05\/delonghi-coffee-lounge-logo-nederland.png\",\"width\":2337,\"height\":724,\"caption\":\"De'Longhi Coffee Lounge\"},\"image\":{\"@id\":\"https:\/\/coffeelounge.delonghi.com\/fr\/#\/schema\/logo\/image\/\"}}]}<\/script>\n<!-- \/ Yoast SEO Premium plugin. -->","yoast_head_json":{"title":"Journ\u00e9e internationale du caf\u00e9 - notre parcours de durabilit\u00e9 | De'Longhi Coffee Lounge","description":"Le 1er octobre 2022, marque la Journ\u00e9e Internationale du caf\u00e9, une journ\u00e9e de promotion et de c\u00e9l\u00e9bration du caf\u00e9 en tant que boisson, avec des \u00e9v\u00e9nements organis\u00e9s dans 77 pays et des milliers de lieux dans le monde entier.","robots":{"index":"index","follow":"follow","max-snippet":"max-snippet:-1","max-image-preview":"max-image-preview:large","max-video-preview":"max-video-preview:-1"},"twitter_card":"summary_large_image","twitter_title":"Journ\u00e9e internationale du caf\u00e9 - notre parcours de durabilit\u00e9 | De'Longhi Coffee Lounge","twitter_description":"Le 1er octobre 2022, marque la Journ\u00e9e Internationale du caf\u00e9, une journ\u00e9e de promotion et de c\u00e9l\u00e9bration du caf\u00e9 en tant que boisson, avec des \u00e9v\u00e9nements organis\u00e9s dans 77 pays et des milliers de lieux dans le monde entier.","twitter_image":"https:\/\/coffeelounge.delonghi.com\/wp-content\/uploads\/2022\/09\/Img_-ARTICLE-1.png","schema":{"@context":"https:\/\/schema.org","@graph":[{"@type":"WebPage","@id":"https:\/\/coffeelounge.delonghi.com\/fr\/actualites\/celebrez-la-journee-internationale-du-cafe-avec-notre-parcours-de-durabilite\/","url":"https:\/\/coffeelounge.delonghi.com\/fr\/actualites\/celebrez-la-journee-internationale-du-cafe-avec-notre-parcours-de-durabilite\/","name":"Journ\u00e9e internationale du caf\u00e9 - notre parcours de durabilit\u00e9 | De'Longhi Coffee Lounge","isPartOf":{"@id":"https:\/\/coffeelounge.delonghi.com\/fr\/#website"},"primaryImageOfPage":{"@id":"https:\/\/coffeelounge.delonghi.com\/fr\/actualites\/celebrez-la-journee-internationale-du-cafe-avec-notre-parcours-de-durabilite\/#primaryimage"},"image":{"@id":"https:\/\/coffeelounge.delonghi.com\/fr\/actualites\/celebrez-la-journee-internationale-du-cafe-avec-notre-parcours-de-durabilite\/#primaryimage"},"thumbnailUrl":"https:\/\/coffeelounge.delonghi.com\/wp-content\/uploads\/2022\/09\/Img_-ARTICLE-1.png","datePublished":"2022-09-29T13:22:22+00:00","dateModified":"2022-10-11T15:54:35+00:00","description":"Le 1er octobre 2022, marque la Journ\u00e9e Internationale du caf\u00e9, une journ\u00e9e de promotion et de c\u00e9l\u00e9bration du caf\u00e9 en tant que boisson, avec des \u00e9v\u00e9nements organis\u00e9s dans 77 pays et des milliers de lieux dans le monde entier.","breadcrumb":{"@id":"https:\/\/coffeelounge.delonghi.com\/fr\/actualites\/celebrez-la-journee-internationale-du-cafe-avec-notre-parcours-de-durabilite\/#breadcrumb"},"inLanguage":"fr-FR","potentialAction":[{"@type":"ReadAction","target":["https:\/\/coffeelounge.delonghi.com\/fr\/actualites\/celebrez-la-journee-internationale-du-cafe-avec-notre-parcours-de-durabilite\/"]}]},{"@type":"ImageObject","inLanguage":"fr-FR","@id":"https:\/\/coffeelounge.delonghi.com\/fr\/actualites\/celebrez-la-journee-internationale-du-cafe-avec-notre-parcours-de-durabilite\/#primaryimage","url":"https:\/\/coffeelounge.delonghi.com\/wp-content\/uploads\/2022\/09\/Img_-ARTICLE-1.png","contentUrl":"https:\/\/coffeelounge.delonghi.com\/wp-content\/uploads\/2022\/09\/Img_-ARTICLE-1.png","width":620,"height":350},{"@type":"BreadcrumbList","@id":"https:\/\/coffeelounge.delonghi.com\/fr\/actualites\/celebrez-la-journee-internationale-du-cafe-avec-notre-parcours-de-durabilite\/#breadcrumb","itemListElement":[{"@type":"ListItem","position":1,"name":"Home","item":"https:\/\/coffeelounge.delonghi.com\/fr\/"},{"@type":"ListItem","position":2,"name":"Discover","item":"https:\/\/coffeelounge.delonghi.com\/fr\/actualites\/"},{"@type":"ListItem","position":3,"name":"Transformer avec int\u00e9grit\u00e9","item":"https:\/\/coffeelounge.delonghi.com\/fr\/discoveries\/transformer-avec-integrite\/"},{"@type":"ListItem","position":4,"name":"C\u00e9l\u00e9brez la journ\u00e9e internationale du caf\u00e9 avec notre parcours de durabilit\u00e9"}]},{"@type":"WebSite","@id":"https:\/\/coffeelounge.delonghi.com\/fr\/#website","url":"https:\/\/coffeelounge.delonghi.com\/fr\/","name":"De&#039;Longhi","description":"Coffee Lounge","publisher":{"@id":"https:\/\/coffeelounge.delonghi.com\/fr\/#organization"},"potentialAction":[{"@type":"SearchAction","target":{"@type":"EntryPoint","urlTemplate":"https:\/\/coffeelounge.delonghi.com\/fr\/?s={search_term_string}"},"query-input":{"@type":"PropertyValueSpecification","valueRequired":true,"valueName":"search_term_string"}}],"inLanguage":"fr-FR"},{"@type":"Organization","@id":"https:\/\/coffeelounge.delonghi.com\/fr\/#organization","name":"De'Longhi Coffee Lounge","url":"https:\/\/coffeelounge.delonghi.com\/fr\/","logo":{"@type":"ImageObject","inLanguage":"fr-FR","@id":"https:\/\/coffeelounge.delonghi.com\/fr\/#\/schema\/logo\/image\/","url":"https:\/\/coffeelounge.delonghi.com\/wp-content\/uploads\/2020\/05\/delonghi-coffee-lounge-logo-nederland.png","contentUrl":"https:\/\/coffeelounge.delonghi.com\/wp-content\/uploads\/2020\/05\/delonghi-coffee-lounge-logo-nederland.png","width":2337,"height":724,"caption":"De'Longhi Coffee Lounge"},"image":{"@id":"https:\/\/coffeelounge.delonghi.com\/fr\/#\/schema\/logo\/image\/"}}]}},"_links":{"self":[{"href":"https:\/\/coffeelounge.delonghi.com\/fr\/wp-json\/wp\/v2\/discover\/271620","targetHints":{"allow":["GET"]}}],"collection":[{"href":"https:\/\/coffeelounge.delonghi.com\/fr\/wp-json\/wp\/v2\/discover"}],"about":[{"href":"https:\/\/coffeelounge.delonghi.com\/fr\/wp-json\/wp\/v2\/types\/discover"}],"author":[{"embeddable":true,"href":"https:\/\/coffeelounge.delonghi.com\/fr\/wp-json\/wp\/v2\/users\/16193"}],"version-history":[{"count":0,"href":"https:\/\/coffeelounge.delonghi.com\/fr\/wp-json\/wp\/v2\/discover\/271620\/revisions"}],"wp:featuredmedia":[{"embeddable":true,"href":"https:\/\/coffeelounge.delonghi.com\/fr\/wp-json\/wp\/v2\/media\/266343"}],"wp:attachment":[{"href":"https:\/\/coffeelounge.delonghi.com\/fr\/wp-json\/wp\/v2\/media?parent=271620"}],"wp:term":[{"taxonomy":"discover_type","embeddable":true,"href":"https:\/\/coffeelounge.delonghi.com\/fr\/wp-json\/wp\/v2\/discover_type?post=271620"}],"curies":[{"name":"wp","href":"https:\/\/api.w.org\/{rel}","templated":true}]}}