{"id":22486,"date":"2021-03-29T16:22:19","date_gmt":"2021-03-29T16:22:19","guid":{"rendered":"https:\/\/coffeelounge.delonghi.com\/?post_type=discover&#038;p=22486"},"modified":"2021-03-29T16:22:22","modified_gmt":"2021-03-29T16:22:22","slug":"noa-berger-sociologue-du-cafe","status":"publish","type":"discover","link":"https:\/\/coffeelounge.delonghi.com\/fr\/actualites\/noa-berger-sociologue-du-cafe\/","title":{"rendered":"Noa Berger &#8211; Sociologue du Caf\u00e9"},"content":{"rendered":"<p>Au cours de ses \u00e9tudes \u00e0 l\u2019EHESS* (Paris), Noa s\u2019est pench\u00e9e sur la question du caf\u00e9 n\u2019h\u00e9sitant pas \u00e0 vivre sa propre exp\u00e9rience caf\u00e9 au Br\u00e9sil. Elle anime la communaut\u00e9 du Caf\u00e9 de Sp\u00e9cialit\u00e9 et les r\u00e9seaux sociaux en apportant ses observations autour du caf\u00e9. Nous l\u2019avons interrog\u00e9e, notamment sur une question simple, mais loin d\u2019\u00eatre anodine : Single origine ou Assemblage ?<\/p>","protected":false},"author":53,"featured_media":22496,"menu_order":0,"template":"","meta":{"_acf_changed":false,"footnotes":""},"discover_type":[181],"class_list":["post-22486","discover","type-discover","status-publish","has-post-thumbnail","hentry","discover_type-stories_and_interviews"],"acf":[],"yoast_head":"<!-- This site is optimized with the Yoast SEO Premium plugin v24.5 (Yoast SEO v24.5) - https:\/\/yoast.com\/wordpress\/plugins\/seo\/ -->\n<title>Noa Berger - Sociologue du Caf\u00e9 | De&#039;Longhi<\/title>\n<meta name=\"robots\" content=\"index, follow, max-snippet:-1, max-image-preview:large, max-video-preview:-1\" \/>\n<meta name=\"twitter:card\" content=\"summary_large_image\" \/>\n<meta name=\"twitter:title\" content=\"Noa Berger - Sociologue du Caf\u00e9 | De&#039;Longhi\" \/>\n<meta name=\"twitter:description\" content=\"Au cours de ses \u00e9tudes \u00e0 l\u2019EHESS* (Paris), Noa s\u2019est pench\u00e9e sur la question du caf\u00e9 n\u2019h\u00e9sitant pas \u00e0 vivre sa propre exp\u00e9rience caf\u00e9 au Br\u00e9sil. Elle anime la communaut\u00e9 du Caf\u00e9 de Sp\u00e9cialit\u00e9 et les r\u00e9seaux sociaux en apportant ses observations autour du caf\u00e9. Nous l\u2019avons interrog\u00e9e, notamment sur une question simple, mais loin [&hellip;]\" \/>\n<meta name=\"twitter:image\" content=\"https:\/\/coffeelounge.delonghi.com\/wp-content\/uploads\/2021\/03\/noa-berger-1.png\" \/>\n<script type=\"application\/ld+json\" class=\"yoast-schema-graph\">{\"@context\":\"https:\/\/schema.org\",\"@graph\":[{\"@type\":\"WebPage\",\"@id\":\"https:\/\/coffeelounge.delonghi.com\/fr\/actualites\/noa-berger-sociologue-du-cafe\/\",\"url\":\"https:\/\/coffeelounge.delonghi.com\/fr\/actualites\/noa-berger-sociologue-du-cafe\/\",\"name\":\"Noa Berger - Sociologue du Caf\u00e9 | De&#039;Longhi\",\"isPartOf\":{\"@id\":\"https:\/\/coffeelounge.delonghi.com\/fr\/#website\"},\"primaryImageOfPage\":{\"@id\":\"https:\/\/coffeelounge.delonghi.com\/fr\/actualites\/noa-berger-sociologue-du-cafe\/#primaryimage\"},\"image\":{\"@id\":\"https:\/\/coffeelounge.delonghi.com\/fr\/actualites\/noa-berger-sociologue-du-cafe\/#primaryimage\"},\"thumbnailUrl\":\"https:\/\/coffeelounge.delonghi.com\/wp-content\/uploads\/2021\/03\/noa-berger-1.png\",\"datePublished\":\"2021-03-29T16:22:19+00:00\",\"dateModified\":\"2021-03-29T16:22:22+00:00\",\"breadcrumb\":{\"@id\":\"https:\/\/coffeelounge.delonghi.com\/fr\/actualites\/noa-berger-sociologue-du-cafe\/#breadcrumb\"},\"inLanguage\":\"fr-FR\",\"potentialAction\":[{\"@type\":\"ReadAction\",\"target\":[\"https:\/\/coffeelounge.delonghi.com\/fr\/actualites\/noa-berger-sociologue-du-cafe\/\"]}]},{\"@type\":\"ImageObject\",\"inLanguage\":\"fr-FR\",\"@id\":\"https:\/\/coffeelounge.delonghi.com\/fr\/actualites\/noa-berger-sociologue-du-cafe\/#primaryimage\",\"url\":\"https:\/\/coffeelounge.delonghi.com\/wp-content\/uploads\/2021\/03\/noa-berger-1.png\",\"contentUrl\":\"https:\/\/coffeelounge.delonghi.com\/wp-content\/uploads\/2021\/03\/noa-berger-1.png\",\"width\":1104,\"height\":1380,\"caption\":\"Noa Berger 1\"},{\"@type\":\"BreadcrumbList\",\"@id\":\"https:\/\/coffeelounge.delonghi.com\/fr\/actualites\/noa-berger-sociologue-du-cafe\/#breadcrumb\",\"itemListElement\":[{\"@type\":\"ListItem\",\"position\":1,\"name\":\"Home\",\"item\":\"https:\/\/coffeelounge.delonghi.com\/fr\/\"},{\"@type\":\"ListItem\",\"position\":2,\"name\":\"Discover\",\"item\":\"https:\/\/coffeelounge.delonghi.com\/fr\/actualites\/\"},{\"@type\":\"ListItem\",\"position\":3,\"name\":\"Histoires et interviews\",\"item\":\"https:\/\/coffeelounge.delonghi.com\/fr\/discoveries\/stories_and_interviews\/\"},{\"@type\":\"ListItem\",\"position\":4,\"name\":\"Noa Berger &#8211; Sociologue du Caf\u00e9\"}]},{\"@type\":\"WebSite\",\"@id\":\"https:\/\/coffeelounge.delonghi.com\/fr\/#website\",\"url\":\"https:\/\/coffeelounge.delonghi.com\/fr\/\",\"name\":\"De&#039;Longhi\",\"description\":\"Coffee Lounge\",\"publisher\":{\"@id\":\"https:\/\/coffeelounge.delonghi.com\/fr\/#organization\"},\"potentialAction\":[{\"@type\":\"SearchAction\",\"target\":{\"@type\":\"EntryPoint\",\"urlTemplate\":\"https:\/\/coffeelounge.delonghi.com\/fr\/?s={search_term_string}\"},\"query-input\":{\"@type\":\"PropertyValueSpecification\",\"valueRequired\":true,\"valueName\":\"search_term_string\"}}],\"inLanguage\":\"fr-FR\"},{\"@type\":\"Organization\",\"@id\":\"https:\/\/coffeelounge.delonghi.com\/fr\/#organization\",\"name\":\"De'Longhi Coffee Lounge\",\"url\":\"https:\/\/coffeelounge.delonghi.com\/fr\/\",\"logo\":{\"@type\":\"ImageObject\",\"inLanguage\":\"fr-FR\",\"@id\":\"https:\/\/coffeelounge.delonghi.com\/fr\/#\/schema\/logo\/image\/\",\"url\":\"https:\/\/coffeelounge.delonghi.com\/wp-content\/uploads\/2020\/05\/delonghi-coffee-lounge-logo-nederland.png\",\"contentUrl\":\"https:\/\/coffeelounge.delonghi.com\/wp-content\/uploads\/2020\/05\/delonghi-coffee-lounge-logo-nederland.png\",\"width\":2337,\"height\":724,\"caption\":\"De'Longhi Coffee Lounge\"},\"image\":{\"@id\":\"https:\/\/coffeelounge.delonghi.com\/fr\/#\/schema\/logo\/image\/\"}}]}<\/script>\n<!-- \/ Yoast SEO Premium plugin. -->","yoast_head_json":{"title":"Noa Berger - Sociologue du Caf\u00e9 | De&#039;Longhi","robots":{"index":"index","follow":"follow","max-snippet":"max-snippet:-1","max-image-preview":"max-image-preview:large","max-video-preview":"max-video-preview:-1"},"twitter_card":"summary_large_image","twitter_title":"Noa Berger - Sociologue du Caf\u00e9 | De&#039;Longhi","twitter_description":"Au cours de ses \u00e9tudes \u00e0 l\u2019EHESS* (Paris), Noa s\u2019est pench\u00e9e sur la question du caf\u00e9 n\u2019h\u00e9sitant pas \u00e0 vivre sa propre exp\u00e9rience caf\u00e9 au Br\u00e9sil. Elle anime la communaut\u00e9 du Caf\u00e9 de Sp\u00e9cialit\u00e9 et les r\u00e9seaux sociaux en apportant ses observations autour du caf\u00e9. Nous l\u2019avons interrog\u00e9e, notamment sur une question simple, mais loin [&hellip;]","twitter_image":"https:\/\/coffeelounge.delonghi.com\/wp-content\/uploads\/2021\/03\/noa-berger-1.png","schema":{"@context":"https:\/\/schema.org","@graph":[{"@type":"WebPage","@id":"https:\/\/coffeelounge.delonghi.com\/fr\/actualites\/noa-berger-sociologue-du-cafe\/","url":"https:\/\/coffeelounge.delonghi.com\/fr\/actualites\/noa-berger-sociologue-du-cafe\/","name":"Noa Berger - Sociologue du Caf\u00e9 | De&#039;Longhi","isPartOf":{"@id":"https:\/\/coffeelounge.delonghi.com\/fr\/#website"},"primaryImageOfPage":{"@id":"https:\/\/coffeelounge.delonghi.com\/fr\/actualites\/noa-berger-sociologue-du-cafe\/#primaryimage"},"image":{"@id":"https:\/\/coffeelounge.delonghi.com\/fr\/actualites\/noa-berger-sociologue-du-cafe\/#primaryimage"},"thumbnailUrl":"https:\/\/coffeelounge.delonghi.com\/wp-content\/uploads\/2021\/03\/noa-berger-1.png","datePublished":"2021-03-29T16:22:19+00:00","dateModified":"2021-03-29T16:22:22+00:00","breadcrumb":{"@id":"https:\/\/coffeelounge.delonghi.com\/fr\/actualites\/noa-berger-sociologue-du-cafe\/#breadcrumb"},"inLanguage":"fr-FR","potentialAction":[{"@type":"ReadAction","target":["https:\/\/coffeelounge.delonghi.com\/fr\/actualites\/noa-berger-sociologue-du-cafe\/"]}]},{"@type":"ImageObject","inLanguage":"fr-FR","@id":"https:\/\/coffeelounge.delonghi.com\/fr\/actualites\/noa-berger-sociologue-du-cafe\/#primaryimage","url":"https:\/\/coffeelounge.delonghi.com\/wp-content\/uploads\/2021\/03\/noa-berger-1.png","contentUrl":"https:\/\/coffeelounge.delonghi.com\/wp-content\/uploads\/2021\/03\/noa-berger-1.png","width":1104,"height":1380,"caption":"Noa Berger 1"},{"@type":"BreadcrumbList","@id":"https:\/\/coffeelounge.delonghi.com\/fr\/actualites\/noa-berger-sociologue-du-cafe\/#breadcrumb","itemListElement":[{"@type":"ListItem","position":1,"name":"Home","item":"https:\/\/coffeelounge.delonghi.com\/fr\/"},{"@type":"ListItem","position":2,"name":"Discover","item":"https:\/\/coffeelounge.delonghi.com\/fr\/actualites\/"},{"@type":"ListItem","position":3,"name":"Histoires et interviews","item":"https:\/\/coffeelounge.delonghi.com\/fr\/discoveries\/stories_and_interviews\/"},{"@type":"ListItem","position":4,"name":"Noa Berger &#8211; Sociologue du Caf\u00e9"}]},{"@type":"WebSite","@id":"https:\/\/coffeelounge.delonghi.com\/fr\/#website","url":"https:\/\/coffeelounge.delonghi.com\/fr\/","name":"De&#039;Longhi","description":"Coffee Lounge","publisher":{"@id":"https:\/\/coffeelounge.delonghi.com\/fr\/#organization"},"potentialAction":[{"@type":"SearchAction","target":{"@type":"EntryPoint","urlTemplate":"https:\/\/coffeelounge.delonghi.com\/fr\/?s={search_term_string}"},"query-input":{"@type":"PropertyValueSpecification","valueRequired":true,"valueName":"search_term_string"}}],"inLanguage":"fr-FR"},{"@type":"Organization","@id":"https:\/\/coffeelounge.delonghi.com\/fr\/#organization","name":"De'Longhi Coffee Lounge","url":"https:\/\/coffeelounge.delonghi.com\/fr\/","logo":{"@type":"ImageObject","inLanguage":"fr-FR","@id":"https:\/\/coffeelounge.delonghi.com\/fr\/#\/schema\/logo\/image\/","url":"https:\/\/coffeelounge.delonghi.com\/wp-content\/uploads\/2020\/05\/delonghi-coffee-lounge-logo-nederland.png","contentUrl":"https:\/\/coffeelounge.delonghi.com\/wp-content\/uploads\/2020\/05\/delonghi-coffee-lounge-logo-nederland.png","width":2337,"height":724,"caption":"De'Longhi Coffee Lounge"},"image":{"@id":"https:\/\/coffeelounge.delonghi.com\/fr\/#\/schema\/logo\/image\/"}}]}},"_links":{"self":[{"href":"https:\/\/coffeelounge.delonghi.com\/fr\/wp-json\/wp\/v2\/discover\/22486","targetHints":{"allow":["GET"]}}],"collection":[{"href":"https:\/\/coffeelounge.delonghi.com\/fr\/wp-json\/wp\/v2\/discover"}],"about":[{"href":"https:\/\/coffeelounge.delonghi.com\/fr\/wp-json\/wp\/v2\/types\/discover"}],"author":[{"embeddable":true,"href":"https:\/\/coffeelounge.delonghi.com\/fr\/wp-json\/wp\/v2\/users\/53"}],"version-history":[{"count":0,"href":"https:\/\/coffeelounge.delonghi.com\/fr\/wp-json\/wp\/v2\/discover\/22486\/revisions"}],"wp:featuredmedia":[{"embeddable":true,"href":"https:\/\/coffeelounge.delonghi.com\/fr\/wp-json\/wp\/v2\/media\/22496"}],"wp:attachment":[{"href":"https:\/\/coffeelounge.delonghi.com\/fr\/wp-json\/wp\/v2\/media?parent=22486"}],"wp:term":[{"taxonomy":"discover_type","embeddable":true,"href":"https:\/\/coffeelounge.delonghi.com\/fr\/wp-json\/wp\/v2\/discover_type?post=22486"}],"curies":[{"name":"wp","href":"https:\/\/api.w.org\/{rel}","templated":true}]}}