{"id":102403,"date":"2021-12-27T09:44:16","date_gmt":"2021-12-27T09:44:16","guid":{"rendered":"https:\/\/coffeelounge.delonghi.com\/?post_type=discover&#038;p=102403"},"modified":"2021-12-27T10:24:38","modified_gmt":"2021-12-27T10:24:38","slug":"david-serruys-informer-former-et-debattre","status":"publish","type":"discover","link":"https:\/\/coffeelounge.delonghi.com\/fr\/actualites\/david-serruys-informer-former-et-debattre\/","title":{"rendered":"David Serruys : \u00ab Informer, former et d\u00e9battre \u00bb"},"content":{"rendered":"<p>Nouvellement \u00e9lu pour un second mandat de 3 ans \u00e0 la t\u00eate du Collectif Caf\u00e9, David Serruys s\u2019est pr\u00eat\u00e9 de bonne gr\u00e2ce \u00e0 une discussion avec le Coffee Lounge. En homme de dialogue qu\u2019il est, il est revenu sur son mandat, sa vision de la fili\u00e8re et nous a confi\u00e9s quelques informations en primeur sur ses projets plus\u2026 personnels.<\/p>","protected":false},"author":5224,"featured_media":102405,"menu_order":0,"template":"","meta":{"_acf_changed":false,"footnotes":""},"discover_type":[181],"class_list":["post-102403","discover","type-discover","status-publish","has-post-thumbnail","hentry","discover_type-stories_and_interviews"],"acf":[],"yoast_head":"<!-- This site is optimized with the Yoast SEO Premium plugin v24.5 (Yoast SEO v24.5) - https:\/\/yoast.com\/wordpress\/plugins\/seo\/ -->\n<title>David Serruys : \u00ab Informer, former et d\u00e9battre \u00bb | De&#039;Longhi<\/title>\n<meta name=\"robots\" content=\"index, follow, max-snippet:-1, max-image-preview:large, max-video-preview:-1\" \/>\n<meta name=\"twitter:card\" content=\"summary_large_image\" \/>\n<meta name=\"twitter:title\" content=\"David Serruys : \u00ab Informer, former et d\u00e9battre \u00bb | De&#039;Longhi\" \/>\n<meta name=\"twitter:description\" content=\"Nouvellement \u00e9lu pour un second mandat de 3 ans \u00e0 la t\u00eate du Collectif Caf\u00e9, David Serruys s\u2019est pr\u00eat\u00e9 de bonne gr\u00e2ce \u00e0 une discussion avec le Coffee Lounge. En homme de dialogue qu\u2019il est, il est revenu sur son mandat, sa vision de la fili\u00e8re et nous a confi\u00e9s quelques informations en primeur sur [&hellip;]\" \/>\n<meta name=\"twitter:image\" content=\"https:\/\/coffeelounge.delonghi.com\/wp-content\/uploads\/2021\/12\/IMG_20181112_155440-scaled.jpg\" \/>\n<script type=\"application\/ld+json\" class=\"yoast-schema-graph\">{\"@context\":\"https:\/\/schema.org\",\"@graph\":[{\"@type\":\"WebPage\",\"@id\":\"https:\/\/coffeelounge.delonghi.com\/fr\/actualites\/david-serruys-informer-former-et-debattre\/\",\"url\":\"https:\/\/coffeelounge.delonghi.com\/fr\/actualites\/david-serruys-informer-former-et-debattre\/\",\"name\":\"David Serruys : \u00ab Informer, former et d\u00e9battre \u00bb | De&#039;Longhi\",\"isPartOf\":{\"@id\":\"https:\/\/coffeelounge.delonghi.com\/fr\/#website\"},\"primaryImageOfPage\":{\"@id\":\"https:\/\/coffeelounge.delonghi.com\/fr\/actualites\/david-serruys-informer-former-et-debattre\/#primaryimage\"},\"image\":{\"@id\":\"https:\/\/coffeelounge.delonghi.com\/fr\/actualites\/david-serruys-informer-former-et-debattre\/#primaryimage\"},\"thumbnailUrl\":\"https:\/\/coffeelounge.delonghi.com\/wp-content\/uploads\/2021\/12\/IMG_20181112_155440-scaled.jpg\",\"datePublished\":\"2021-12-27T09:44:16+00:00\",\"dateModified\":\"2021-12-27T10:24:38+00:00\",\"breadcrumb\":{\"@id\":\"https:\/\/coffeelounge.delonghi.com\/fr\/actualites\/david-serruys-informer-former-et-debattre\/#breadcrumb\"},\"inLanguage\":\"fr-FR\",\"potentialAction\":[{\"@type\":\"ReadAction\",\"target\":[\"https:\/\/coffeelounge.delonghi.com\/fr\/actualites\/david-serruys-informer-former-et-debattre\/\"]}]},{\"@type\":\"ImageObject\",\"inLanguage\":\"fr-FR\",\"@id\":\"https:\/\/coffeelounge.delonghi.com\/fr\/actualites\/david-serruys-informer-former-et-debattre\/#primaryimage\",\"url\":\"https:\/\/coffeelounge.delonghi.com\/wp-content\/uploads\/2021\/12\/IMG_20181112_155440-scaled.jpg\",\"contentUrl\":\"https:\/\/coffeelounge.delonghi.com\/wp-content\/uploads\/2021\/12\/IMG_20181112_155440-scaled.jpg\",\"width\":1920,\"height\":2560,\"caption\":\"edf\"},{\"@type\":\"BreadcrumbList\",\"@id\":\"https:\/\/coffeelounge.delonghi.com\/fr\/actualites\/david-serruys-informer-former-et-debattre\/#breadcrumb\",\"itemListElement\":[{\"@type\":\"ListItem\",\"position\":1,\"name\":\"Home\",\"item\":\"https:\/\/coffeelounge.delonghi.com\/fr\/\"},{\"@type\":\"ListItem\",\"position\":2,\"name\":\"Discover\",\"item\":\"https:\/\/coffeelounge.delonghi.com\/fr\/actualites\/\"},{\"@type\":\"ListItem\",\"position\":3,\"name\":\"Histoires et interviews\",\"item\":\"https:\/\/coffeelounge.delonghi.com\/fr\/discoveries\/stories_and_interviews\/\"},{\"@type\":\"ListItem\",\"position\":4,\"name\":\"David Serruys : \u00ab Informer, former et d\u00e9battre \u00bb\"}]},{\"@type\":\"WebSite\",\"@id\":\"https:\/\/coffeelounge.delonghi.com\/fr\/#website\",\"url\":\"https:\/\/coffeelounge.delonghi.com\/fr\/\",\"name\":\"De&#039;Longhi\",\"description\":\"Coffee Lounge\",\"publisher\":{\"@id\":\"https:\/\/coffeelounge.delonghi.com\/fr\/#organization\"},\"potentialAction\":[{\"@type\":\"SearchAction\",\"target\":{\"@type\":\"EntryPoint\",\"urlTemplate\":\"https:\/\/coffeelounge.delonghi.com\/fr\/?s={search_term_string}\"},\"query-input\":{\"@type\":\"PropertyValueSpecification\",\"valueRequired\":true,\"valueName\":\"search_term_string\"}}],\"inLanguage\":\"fr-FR\"},{\"@type\":\"Organization\",\"@id\":\"https:\/\/coffeelounge.delonghi.com\/fr\/#organization\",\"name\":\"De'Longhi Coffee Lounge\",\"url\":\"https:\/\/coffeelounge.delonghi.com\/fr\/\",\"logo\":{\"@type\":\"ImageObject\",\"inLanguage\":\"fr-FR\",\"@id\":\"https:\/\/coffeelounge.delonghi.com\/fr\/#\/schema\/logo\/image\/\",\"url\":\"https:\/\/coffeelounge.delonghi.com\/wp-content\/uploads\/2020\/05\/delonghi-coffee-lounge-logo-nederland.png\",\"contentUrl\":\"https:\/\/coffeelounge.delonghi.com\/wp-content\/uploads\/2020\/05\/delonghi-coffee-lounge-logo-nederland.png\",\"width\":2337,\"height\":724,\"caption\":\"De'Longhi Coffee Lounge\"},\"image\":{\"@id\":\"https:\/\/coffeelounge.delonghi.com\/fr\/#\/schema\/logo\/image\/\"}}]}<\/script>\n<!-- \/ Yoast SEO Premium plugin. -->","yoast_head_json":{"title":"David Serruys : \u00ab Informer, former et d\u00e9battre \u00bb | De&#039;Longhi","robots":{"index":"index","follow":"follow","max-snippet":"max-snippet:-1","max-image-preview":"max-image-preview:large","max-video-preview":"max-video-preview:-1"},"twitter_card":"summary_large_image","twitter_title":"David Serruys : \u00ab Informer, former et d\u00e9battre \u00bb | De&#039;Longhi","twitter_description":"Nouvellement \u00e9lu pour un second mandat de 3 ans \u00e0 la t\u00eate du Collectif Caf\u00e9, David Serruys s\u2019est pr\u00eat\u00e9 de bonne gr\u00e2ce \u00e0 une discussion avec le Coffee Lounge. En homme de dialogue qu\u2019il est, il est revenu sur son mandat, sa vision de la fili\u00e8re et nous a confi\u00e9s quelques informations en primeur sur [&hellip;]","twitter_image":"https:\/\/coffeelounge.delonghi.com\/wp-content\/uploads\/2021\/12\/IMG_20181112_155440-scaled.jpg","schema":{"@context":"https:\/\/schema.org","@graph":[{"@type":"WebPage","@id":"https:\/\/coffeelounge.delonghi.com\/fr\/actualites\/david-serruys-informer-former-et-debattre\/","url":"https:\/\/coffeelounge.delonghi.com\/fr\/actualites\/david-serruys-informer-former-et-debattre\/","name":"David Serruys : \u00ab Informer, former et d\u00e9battre \u00bb | De&#039;Longhi","isPartOf":{"@id":"https:\/\/coffeelounge.delonghi.com\/fr\/#website"},"primaryImageOfPage":{"@id":"https:\/\/coffeelounge.delonghi.com\/fr\/actualites\/david-serruys-informer-former-et-debattre\/#primaryimage"},"image":{"@id":"https:\/\/coffeelounge.delonghi.com\/fr\/actualites\/david-serruys-informer-former-et-debattre\/#primaryimage"},"thumbnailUrl":"https:\/\/coffeelounge.delonghi.com\/wp-content\/uploads\/2021\/12\/IMG_20181112_155440-scaled.jpg","datePublished":"2021-12-27T09:44:16+00:00","dateModified":"2021-12-27T10:24:38+00:00","breadcrumb":{"@id":"https:\/\/coffeelounge.delonghi.com\/fr\/actualites\/david-serruys-informer-former-et-debattre\/#breadcrumb"},"inLanguage":"fr-FR","potentialAction":[{"@type":"ReadAction","target":["https:\/\/coffeelounge.delonghi.com\/fr\/actualites\/david-serruys-informer-former-et-debattre\/"]}]},{"@type":"ImageObject","inLanguage":"fr-FR","@id":"https:\/\/coffeelounge.delonghi.com\/fr\/actualites\/david-serruys-informer-former-et-debattre\/#primaryimage","url":"https:\/\/coffeelounge.delonghi.com\/wp-content\/uploads\/2021\/12\/IMG_20181112_155440-scaled.jpg","contentUrl":"https:\/\/coffeelounge.delonghi.com\/wp-content\/uploads\/2021\/12\/IMG_20181112_155440-scaled.jpg","width":1920,"height":2560,"caption":"edf"},{"@type":"BreadcrumbList","@id":"https:\/\/coffeelounge.delonghi.com\/fr\/actualites\/david-serruys-informer-former-et-debattre\/#breadcrumb","itemListElement":[{"@type":"ListItem","position":1,"name":"Home","item":"https:\/\/coffeelounge.delonghi.com\/fr\/"},{"@type":"ListItem","position":2,"name":"Discover","item":"https:\/\/coffeelounge.delonghi.com\/fr\/actualites\/"},{"@type":"ListItem","position":3,"name":"Histoires et interviews","item":"https:\/\/coffeelounge.delonghi.com\/fr\/discoveries\/stories_and_interviews\/"},{"@type":"ListItem","position":4,"name":"David Serruys : \u00ab Informer, former et d\u00e9battre \u00bb"}]},{"@type":"WebSite","@id":"https:\/\/coffeelounge.delonghi.com\/fr\/#website","url":"https:\/\/coffeelounge.delonghi.com\/fr\/","name":"De&#039;Longhi","description":"Coffee Lounge","publisher":{"@id":"https:\/\/coffeelounge.delonghi.com\/fr\/#organization"},"potentialAction":[{"@type":"SearchAction","target":{"@type":"EntryPoint","urlTemplate":"https:\/\/coffeelounge.delonghi.com\/fr\/?s={search_term_string}"},"query-input":{"@type":"PropertyValueSpecification","valueRequired":true,"valueName":"search_term_string"}}],"inLanguage":"fr-FR"},{"@type":"Organization","@id":"https:\/\/coffeelounge.delonghi.com\/fr\/#organization","name":"De'Longhi Coffee Lounge","url":"https:\/\/coffeelounge.delonghi.com\/fr\/","logo":{"@type":"ImageObject","inLanguage":"fr-FR","@id":"https:\/\/coffeelounge.delonghi.com\/fr\/#\/schema\/logo\/image\/","url":"https:\/\/coffeelounge.delonghi.com\/wp-content\/uploads\/2020\/05\/delonghi-coffee-lounge-logo-nederland.png","contentUrl":"https:\/\/coffeelounge.delonghi.com\/wp-content\/uploads\/2020\/05\/delonghi-coffee-lounge-logo-nederland.png","width":2337,"height":724,"caption":"De'Longhi Coffee Lounge"},"image":{"@id":"https:\/\/coffeelounge.delonghi.com\/fr\/#\/schema\/logo\/image\/"}}]}},"_links":{"self":[{"href":"https:\/\/coffeelounge.delonghi.com\/fr\/wp-json\/wp\/v2\/discover\/102403","targetHints":{"allow":["GET"]}}],"collection":[{"href":"https:\/\/coffeelounge.delonghi.com\/fr\/wp-json\/wp\/v2\/discover"}],"about":[{"href":"https:\/\/coffeelounge.delonghi.com\/fr\/wp-json\/wp\/v2\/types\/discover"}],"author":[{"embeddable":true,"href":"https:\/\/coffeelounge.delonghi.com\/fr\/wp-json\/wp\/v2\/users\/5224"}],"version-history":[{"count":0,"href":"https:\/\/coffeelounge.delonghi.com\/fr\/wp-json\/wp\/v2\/discover\/102403\/revisions"}],"wp:featuredmedia":[{"embeddable":true,"href":"https:\/\/coffeelounge.delonghi.com\/fr\/wp-json\/wp\/v2\/media\/102405"}],"wp:attachment":[{"href":"https:\/\/coffeelounge.delonghi.com\/fr\/wp-json\/wp\/v2\/media?parent=102403"}],"wp:term":[{"taxonomy":"discover_type","embeddable":true,"href":"https:\/\/coffeelounge.delonghi.com\/fr\/wp-json\/wp\/v2\/discover_type?post=102403"}],"curies":[{"name":"wp","href":"https:\/\/api.w.org\/{rel}","templated":true}]}}